{"id":199,"date":"2022-09-29T07:03:29","date_gmt":"2022-09-29T07:03:29","guid":{"rendered":"https:\/\/sharp-pike.157-90-23-119.plesk.page\/?page_id=199"},"modified":"2026-02-16T09:08:06","modified_gmt":"2026-02-16T09:08:06","slug":"projekte","status":"publish","type":"page","link":"https:\/\/prowohnen-ml.de\/index.php\/projekte\/","title":{"rendered":"Angebote"},"content":{"rendered":"\t\t<div data-elementor-type=\"wp-page\" data-elementor-id=\"199\" class=\"elementor elementor-199\" data-elementor-post-type=\"page\">\n\t\t\t\t\t\t<section class=\"elementor-section elementor-top-section elementor-element elementor-element-f2352f9 elementor-section-height-min-height elementor-section-boxed elementor-section-height-default elementor-section-items-middle\" data-id=\"f2352f9\" data-element_type=\"section\" data-e-type=\"section\" data-settings=\"{&quot;background_background&quot;:&quot;classic&quot;}\">\n\t\t\t\t\t\t<div class=\"elementor-container elementor-column-gap-default\">\n\t\t\t\t\t<div class=\"elementor-column elementor-col-100 elementor-top-column elementor-element elementor-element-488f481\" data-id=\"488f481\" data-element_type=\"column\" data-e-type=\"column\">\n\t\t\t<div class=\"elementor-widget-wrap elementor-element-populated\">\n\t\t\t\t\t\t<div class=\"elementor-element elementor-element-3f8c410 elementor-widget elementor-widget-heading\" data-id=\"3f8c410\" data-element_type=\"widget\" data-e-type=\"widget\" data-widget_type=\"heading.default\">\n\t\t\t\t<div class=\"elementor-widget-container\">\n\t\t\t\t\t<h2 class=\"elementor-heading-title elementor-size-default\">Aktuelle Angebote<\/h2>\t\t\t\t<\/div>\n\t\t\t\t<\/div>\n\t\t\t\t\t<\/div>\n\t\t<\/div>\n\t\t\t\t\t<\/div>\n\t\t<\/section>\n\t\t\t\t<section class=\"elementor-section elementor-top-section elementor-element elementor-element-476bd73 elementor-section-boxed elementor-section-height-default elementor-section-height-default\" data-id=\"476bd73\" data-element_type=\"section\" data-e-type=\"section\">\n\t\t\t\t\t\t<div class=\"elementor-container elementor-column-gap-default\">\n\t\t\t\t\t<div class=\"elementor-column elementor-col-100 elementor-top-column elementor-element elementor-element-d207470\" data-id=\"d207470\" data-element_type=\"column\" data-e-type=\"column\">\n\t\t\t<div class=\"elementor-widget-wrap elementor-element-populated\">\n\t\t\t\t\t\t<div class=\"elementor-element elementor-element-36f9f95 elementor-align-center elementor-widget__width-auto elementor-widget elementor-widget-button\" data-id=\"36f9f95\" data-element_type=\"widget\" data-e-type=\"widget\" data-widget_type=\"button.default\">\n\t\t\t\t<div class=\"elementor-widget-container\">\n\t\t\t\t\t\t\t\t\t<div class=\"elementor-button-wrapper\">\n\t\t\t\t\t<a class=\"elementor-button elementor-button-link elementor-size-sm\" href=\"#Haus-Obernburg-Weitblick\">\n\t\t\t\t\t\t<span class=\"elementor-button-content-wrapper\">\n\t\t\t\t\t\t\t\t\t<span class=\"elementor-button-text\">Haus in Obernburg mit Weitblick<\/span>\n\t\t\t\t\t<\/span>\n\t\t\t\t\t<\/a>\n\t\t\t\t<\/div>\n\t\t\t\t\t\t\t\t<\/div>\n\t\t\t\t<\/div>\n\t\t\t\t<div class=\"elementor-element elementor-element-974d8f1 elementor-align-center elementor-widget__width-auto elementor-widget elementor-widget-button\" data-id=\"974d8f1\" data-element_type=\"widget\" data-e-type=\"widget\" data-widget_type=\"button.default\">\n\t\t\t\t<div class=\"elementor-widget-container\">\n\t\t\t\t\t\t\t\t\t<div class=\"elementor-button-wrapper\">\n\t\t\t\t\t<a class=\"elementor-button elementor-button-link elementor-size-sm\" href=\"#Wohnhaus-Niedernberg\">\n\t\t\t\t\t\t<span class=\"elementor-button-content-wrapper\">\n\t\t\t\t\t\t\t\t\t<span class=\"elementor-button-text\">Wohnhaus Niedernberg<\/span>\n\t\t\t\t\t<\/span>\n\t\t\t\t\t<\/a>\n\t\t\t\t<\/div>\n\t\t\t\t\t\t\t\t<\/div>\n\t\t\t\t<\/div>\n\t\t\t\t<div class=\"elementor-element elementor-element-2b71eaa elementor-align-center elementor-widget__width-auto elementor-widget elementor-widget-button\" data-id=\"2b71eaa\" data-element_type=\"widget\" data-e-type=\"widget\" data-widget_type=\"button.default\">\n\t\t\t\t<div class=\"elementor-widget-container\">\n\t\t\t\t\t\t\t\t\t<div class=\"elementor-button-wrapper\">\n\t\t\t\t\t<a class=\"elementor-button elementor-button-link elementor-size-sm\" href=\"#HotelanlageMoenchberg\">\n\t\t\t\t\t\t<span class=\"elementor-button-content-wrapper\">\n\t\t\t\t\t\t\t\t\t<span class=\"elementor-button-text\">Hotelanlage M\u00f6nchberg<\/span>\n\t\t\t\t\t<\/span>\n\t\t\t\t\t<\/a>\n\t\t\t\t<\/div>\n\t\t\t\t\t\t\t\t<\/div>\n\t\t\t\t<\/div>\n\t\t\t\t<div class=\"elementor-element elementor-element-5debbf2 elementor-align-center elementor-widget__width-auto elementor-widget elementor-widget-button\" data-id=\"5debbf2\" data-element_type=\"widget\" data-e-type=\"widget\" data-widget_type=\"button.default\">\n\t\t\t\t<div class=\"elementor-widget-container\">\n\t\t\t\t\t\t\t\t\t<div class=\"elementor-button-wrapper\">\n\t\t\t\t\t<a class=\"elementor-button elementor-button-link elementor-size-sm\" href=\"#Haibach-6-Familienhaus\">\n\t\t\t\t\t\t<span class=\"elementor-button-content-wrapper\">\n\t\t\t\t\t\t\t\t\t<span class=\"elementor-button-text\">6-Familienhaus Haibach<\/span>\n\t\t\t\t\t<\/span>\n\t\t\t\t\t<\/a>\n\t\t\t\t<\/div>\n\t\t\t\t\t\t\t\t<\/div>\n\t\t\t\t<\/div>\n\t\t\t\t<div class=\"elementor-element elementor-element-b09257c elementor-align-center elementor-widget__width-auto elementor-widget elementor-widget-button\" data-id=\"b09257c\" data-element_type=\"widget\" data-e-type=\"widget\" data-widget_type=\"button.default\">\n\t\t\t\t<div class=\"elementor-widget-container\">\n\t\t\t\t\t\t\t\t\t<div class=\"elementor-button-wrapper\">\n\t\t\t\t\t<a class=\"elementor-button elementor-button-link elementor-size-sm\" href=\"#M\u00f6nchberg%20Wohnhaus%20mit%20Bauernhof\u200b\">\n\t\t\t\t\t\t<span class=\"elementor-button-content-wrapper\">\n\t\t\t\t\t\t\t\t\t<span class=\"elementor-button-text\">Wohnquartier Eschau<\/span>\n\t\t\t\t\t<\/span>\n\t\t\t\t\t<\/a>\n\t\t\t\t<\/div>\n\t\t\t\t\t\t\t\t<\/div>\n\t\t\t\t<\/div>\n\t\t\t\t<div class=\"elementor-element elementor-element-34503fc elementor-align-center elementor-widget__width-auto elementor-widget elementor-widget-button\" data-id=\"34503fc\" data-element_type=\"widget\" data-e-type=\"widget\" data-widget_type=\"button.default\">\n\t\t\t\t<div class=\"elementor-widget-container\">\n\t\t\t\t\t\t\t\t\t<div class=\"elementor-button-wrapper\">\n\t\t\t\t\t<a class=\"elementor-button elementor-button-link elementor-size-sm\" href=\"#Obernau\">\n\t\t\t\t\t\t<span class=\"elementor-button-content-wrapper\">\n\t\t\t\t\t\t\t\t\t<span class=\"elementor-button-text\">Neunfamilienhaus Obernau<\/span>\n\t\t\t\t\t<\/span>\n\t\t\t\t\t<\/a>\n\t\t\t\t<\/div>\n\t\t\t\t\t\t\t\t<\/div>\n\t\t\t\t<\/div>\n\t\t\t\t<div class=\"elementor-element elementor-element-912c142 elementor-align-center elementor-widget__width-auto elementor-widget elementor-widget-button\" data-id=\"912c142\" data-element_type=\"widget\" data-e-type=\"widget\" data-widget_type=\"button.default\">\n\t\t\t\t<div class=\"elementor-widget-container\">\n\t\t\t\t\t\t\t\t\t<div class=\"elementor-button-wrapper\">\n\t\t\t\t\t<a class=\"elementor-button elementor-button-link elementor-size-sm\" href=\"#Eschau\">\n\t\t\t\t\t\t<span class=\"elementor-button-content-wrapper\">\n\t\t\t\t\t\t\t\t\t<span class=\"elementor-button-text\">Eschau am M\u00fchlbach<\/span>\n\t\t\t\t\t<\/span>\n\t\t\t\t\t<\/a>\n\t\t\t\t<\/div>\n\t\t\t\t\t\t\t\t<\/div>\n\t\t\t\t<\/div>\n\t\t\t\t<div class=\"elementor-element elementor-element-5fa39f3 elementor-align-center elementor-widget__width-auto elementor-widget elementor-widget-button\" data-id=\"5fa39f3\" data-element_type=\"widget\" data-e-type=\"widget\" data-widget_type=\"button.default\">\n\t\t\t\t<div class=\"elementor-widget-container\">\n\t\t\t\t\t\t\t\t\t<div class=\"elementor-button-wrapper\">\n\t\t\t\t\t<a class=\"elementor-button elementor-button-link elementor-size-sm\" href=\"#Faulbach2\">\n\t\t\t\t\t\t<span class=\"elementor-button-content-wrapper\">\n\t\t\t\t\t\t\t\t\t<span class=\"elementor-button-text\">Faulbach Servicewohnen<\/span>\n\t\t\t\t\t<\/span>\n\t\t\t\t\t<\/a>\n\t\t\t\t<\/div>\n\t\t\t\t\t\t\t\t<\/div>\n\t\t\t\t<\/div>\n\t\t\t\t<div class=\"elementor-element elementor-element-3cf6207 elementor-align-center elementor-widget__width-auto elementor-widget elementor-widget-button\" data-id=\"3cf6207\" data-element_type=\"widget\" data-e-type=\"widget\" data-widget_type=\"button.default\">\n\t\t\t\t<div class=\"elementor-widget-container\">\n\t\t\t\t\t\t\t\t\t<div class=\"elementor-button-wrapper\">\n\t\t\t\t\t<a class=\"elementor-button elementor-button-link elementor-size-sm\" href=\"#Waldb\u00fcttelbrunn\">\n\t\t\t\t\t\t<span class=\"elementor-button-content-wrapper\">\n\t\t\t\t\t\t\t\t\t<span class=\"elementor-button-text\">Waldb\u00fcttelbrunn Neubau DHH<\/span>\n\t\t\t\t\t<\/span>\n\t\t\t\t\t<\/a>\n\t\t\t\t<\/div>\n\t\t\t\t\t\t\t\t<\/div>\n\t\t\t\t<\/div>\n\t\t\t\t<div class=\"elementor-element elementor-element-4fa0b42 elementor-align-center elementor-widget__width-auto elementor-widget elementor-widget-button\" data-id=\"4fa0b42\" data-element_type=\"widget\" data-e-type=\"widget\" data-widget_type=\"button.default\">\n\t\t\t\t<div class=\"elementor-widget-container\">\n\t\t\t\t\t\t\t\t\t<div class=\"elementor-button-wrapper\">\n\t\t\t\t\t<a class=\"elementor-button elementor-button-link elementor-size-sm\" href=\"https:\/\/www.kleinanzeigen.de\/pro\/prowohnen-ml\" target=\"_blank\" rel=\"noopener\">\n\t\t\t\t\t\t<span class=\"elementor-button-content-wrapper\">\n\t\t\t\t\t\t\t\t\t<span class=\"elementor-button-text\">Bei Kleinnanzeigen betrachten<\/span>\n\t\t\t\t\t<\/span>\n\t\t\t\t\t<\/a>\n\t\t\t\t<\/div>\n\t\t\t\t\t\t\t\t<\/div>\n\t\t\t\t<\/div>\n\t\t\t\t<div class=\"elementor-element elementor-element-0787263 elementor-align-center elementor-widget__width-auto elementor-widget elementor-widget-button\" data-id=\"0787263\" data-element_type=\"widget\" data-e-type=\"widget\" data-widget_type=\"button.default\">\n\t\t\t\t<div class=\"elementor-widget-container\">\n\t\t\t\t\t\t\t\t\t<div class=\"elementor-button-wrapper\">\n\t\t\t\t\t<a class=\"elementor-button elementor-button-link elementor-size-sm\" href=\"https:\/\/www.immowelt.de\/profil\/8701558\" target=\"_blank\" rel=\"noopener\">\n\t\t\t\t\t\t<span class=\"elementor-button-content-wrapper\">\n\t\t\t\t\t\t\t\t\t<span class=\"elementor-button-text\">Bei Immowelt betrachten<\/span>\n\t\t\t\t\t<\/span>\n\t\t\t\t\t<\/a>\n\t\t\t\t<\/div>\n\t\t\t\t\t\t\t\t<\/div>\n\t\t\t\t<\/div>\n\t\t\t\t\t<\/div>\n\t\t<\/div>\n\t\t\t\t\t<\/div>\n\t\t<\/section>\n\t\t\t\t<section class=\"elementor-section elementor-top-section elementor-element elementor-element-e781c70 elementor-section-boxed elementor-section-height-default elementor-section-height-default\" data-id=\"e781c70\" data-element_type=\"section\" data-e-type=\"section\" id=\"Haus-Obernburg-Weitblick\">\n\t\t\t\t\t\t<div class=\"elementor-container elementor-column-gap-default\">\n\t\t\t\t\t<div class=\"elementor-column elementor-col-100 elementor-top-column elementor-element elementor-element-904ec8a\" data-id=\"904ec8a\" data-element_type=\"column\" data-e-type=\"column\">\n\t\t\t<div class=\"elementor-widget-wrap elementor-element-populated\">\n\t\t\t\t\t\t<div class=\"elementor-element elementor-element-873cc5e elementor-widget-divider--view-line elementor-widget elementor-widget-divider\" data-id=\"873cc5e\" data-element_type=\"widget\" data-e-type=\"widget\" data-widget_type=\"divider.default\">\n\t\t\t\t<div class=\"elementor-widget-container\">\n\t\t\t\t\t\t\t<div class=\"elementor-divider\">\n\t\t\t<span class=\"elementor-divider-separator\">\n\t\t\t\t\t\t<\/span>\n\t\t<\/div>\n\t\t\t\t\t\t<\/div>\n\t\t\t\t<\/div>\n\t\t\t\t\t<\/div>\n\t\t<\/div>\n\t\t\t\t\t<\/div>\n\t\t<\/section>\n\t\t\t\t<section class=\"elementor-section elementor-top-section elementor-element elementor-element-aa17d47 elementor-section-boxed elementor-section-height-default elementor-section-height-default\" data-id=\"aa17d47\" data-element_type=\"section\" data-e-type=\"section\">\n\t\t\t\t\t\t<div class=\"elementor-container elementor-column-gap-default\">\n\t\t\t\t\t<div class=\"elementor-column elementor-col-100 elementor-top-column elementor-element elementor-element-81093b9\" data-id=\"81093b9\" data-element_type=\"column\" data-e-type=\"column\">\n\t\t\t<div class=\"elementor-widget-wrap elementor-element-populated\">\n\t\t\t\t\t\t<div class=\"elementor-element elementor-element-ad7860c elementor-widget elementor-widget-heading\" data-id=\"ad7860c\" data-element_type=\"widget\" data-e-type=\"widget\" data-widget_type=\"heading.default\">\n\t\t\t\t<div class=\"elementor-widget-container\">\n\t\t\t\t\t<h2 class=\"elementor-heading-title elementor-size-default\">Haus direkt in Obernburg mit Weitblick<\/h2>\t\t\t\t<\/div>\n\t\t\t\t<\/div>\n\t\t\t\t<div class=\"elementor-element elementor-element-c9aa6a7 elementor-widget elementor-widget-image\" data-id=\"c9aa6a7\" data-element_type=\"widget\" data-e-type=\"widget\" data-widget_type=\"image.default\">\n\t\t\t\t<div class=\"elementor-widget-container\">\n\t\t\t\t\t\t\t\t\t\t\t\t\t\t\t<img fetchpriority=\"high\" decoding=\"async\" width=\"768\" height=\"576\" src=\"https:\/\/prowohnen-ml.de\/wp-content\/uploads\/2026\/02\/IMG_20260122_105941-768x576.jpg\" class=\"attachment-medium_large size-medium_large wp-image-2539\" alt=\"\" srcset=\"https:\/\/prowohnen-ml.de\/wp-content\/uploads\/2026\/02\/IMG_20260122_105941-768x576.jpg 768w, https:\/\/prowohnen-ml.de\/wp-content\/uploads\/2026\/02\/IMG_20260122_105941-300x225.jpg 300w, https:\/\/prowohnen-ml.de\/wp-content\/uploads\/2026\/02\/IMG_20260122_105941-1024x768.jpg 1024w, https:\/\/prowohnen-ml.de\/wp-content\/uploads\/2026\/02\/IMG_20260122_105941-1536x1152.jpg 1536w, https:\/\/prowohnen-ml.de\/wp-content\/uploads\/2026\/02\/IMG_20260122_105941-1320x990.jpg 1320w, https:\/\/prowohnen-ml.de\/wp-content\/uploads\/2026\/02\/IMG_20260122_105941.jpg 2048w\" sizes=\"(max-width: 768px) 100vw, 768px\" title=\"\">\t\t\t\t\t\t\t\t\t\t\t\t\t\t\t<\/div>\n\t\t\t\t<\/div>\n\t\t\t\t<div class=\"elementor-element elementor-element-2c0e31d elementor-widget elementor-widget-heading\" data-id=\"2c0e31d\" data-element_type=\"widget\" data-e-type=\"widget\" data-widget_type=\"heading.default\">\n\t\t\t\t<div class=\"elementor-widget-container\">\n\t\t\t\t\t<h2 class=\"elementor-heading-title elementor-size-default\">Informationen zum Projekt<\/h2>\t\t\t\t<\/div>\n\t\t\t\t<\/div>\n\t\t\t\t<div class=\"elementor-element elementor-element-fed8ae3 elementor-widget__width-initial elementor-widget elementor-widget-text-editor\" data-id=\"fed8ae3\" data-element_type=\"widget\" data-e-type=\"widget\" data-widget_type=\"text-editor.default\">\n\t\t\t\t<div class=\"elementor-widget-container\">\n\t\t\t\t\t\t\t\t\t<h2><\/h2>\n<p><\/p>\n<p>um Verkauf steht ein sch\u00f6nes Haus mit 3 Geschossen (Keller, EG und Dachgeschoss) mit viel Platz.<\/p>\n<p> <\/p>\n<p>Das Haus liegt traumhaft am Ortsrand mit toller Aussicht, direkt in Obernburg und ist sofort verf\u00fcgbar.<\/p>\n<p> <\/p>\n<p>Ein Einzug ist ohne viel Renovierungsarbeiten m\u00f6glich.<\/p>\n<p> <\/p>\n<p><strong>Fl\u00e4chenangaben:<\/strong><\/p>\n<p> <\/p>\n<p>Wohnfl\u00e4che ca. 137 m\u00b2, Nutzfl\u00e4che ca. 50 m\u00b2, Grundst\u00fccksgr\u00f6\u00dfe ca. 300 m\u00b2.<\/p>\n<p> <\/p>\n<p>Anzahl Zimmer: 7, Schlafzimmer: 5, Badezimmer: 2, WC: 3, Etagen: 3.<\/p>\n<p> <\/p>\n<p>Baujahr: 1964, Zustand: gepflegt, Heizung: \u00d6l Zentralheizung.<\/p>\n<p> <\/p>\n<p>Stellpl\u00e4tze: 1 Freiplatz, 1 Garage, Balkon: ja, Terrasse: ja.<\/p>\n<p> <\/p>\n<p>Energieausweis: Bedarfsausweis, Endenergiebedarf: 290,6 kWh pro m\u00b2a, Energieeffizienzklasse: H, g\u00fcltig bis 28.02.2032.<\/p>\n<p> <\/p>\n<p><strong>Lage:<\/strong><\/p>\n<p> <\/p>\n<p>Die Stadt Obernburg ist eine aktive Stadt im Landkreis Miltenberg direkt am Main gelegen. Durch die nahe autobahn\u00e4hnliche Bundesstr. B469 und den Bahnhof auf der anderen Mainseite ist Obernburg perfekt an das nahe Rhein Main Gebiet angebunden.<\/p>\n<p> <\/p>\n<p>In der R\u00f6merstr., die durch die Altstadt f\u00fchrt, gibt es viele Einkaufsm\u00f6glichkeiten und Restaurants.<\/p>\n<p> <\/p>\n<p>Es gibt Allgemein- Fach\u00e4rzte und Apotheken. Alleine durch die N\u00e4he zum Main und zum Naturpark Odenwald und Spessart sind viele Freizeitaktivit\u00e4ten m\u00f6glich.<\/p>\n<p> <\/p>\n<p>Kinderg\u00e4rten und Schulen sind vor Ort.<\/p>\n<p> <\/p>\n<p><strong>Ausstattung Beschreibung:<\/strong><\/p>\n<p> <\/p>\n<p>Baujahr 1964, neue Heizung, Kamin f\u00fcr Holzofen vorhanden, es gibt 3 B\u00e4der, Garage und Stellplatz inkl., Balkon und Terrasse mit kleinem Garten.<\/p>\n<p> <\/p>\n<p>Das Grundst\u00fcck ist ca. 300 m\u00b2 gro\u00df und liegt am Hang.<\/p>\n<p> <\/p>\n<p>Es wurden viele Renovierungsarbeiten schon ausgef\u00fchrt.<\/p>\n<p> <\/p>\n<p><strong>Sonstige Angaben:<\/strong><\/p>\n<p> <\/p>\n<p>F\u00fcr weitere Informationen und Beratungsgespr\u00e4che kontaktieren Sie uns gerne \u00fcber E Mail, unser Kontaktformular oder rufen Sie uns an.<\/p>\n<p> <\/p>\n<p>Wir beraten Sie gerne pers\u00f6nlich. Unsere Partner k\u00f6nnen Sie auch zum Thema Finanzierung ansprechen.<\/p>\n<p> <\/p>\n<p>ProWohnen Miteinander Leben GmbH<br \/>Herr J\u00fcrgen Blitz<br \/>In der Quelle 5<br \/>63863 Eschau<br \/>Telefon: 09374 40998 25<br \/>E-Mail: j.blitz@prowohnen-ml.de<br \/>www.prowohnen-ml.de<\/p>\n<p> <\/p>\n<p>Sprechen Sie uns an!<\/p>\n<p><\/p>\n<p><\/p>\n<h2><!-- \/wp:paragraph --><\/h2>\n<p><!-- \/wp:paragraph --><\/p>\t\t\t\t\t\t\t\t<\/div>\n\t\t\t\t<\/div>\n\t\t\t\t<div class=\"elementor-element elementor-element-fd704da elementor-widget elementor-widget-gallery\" data-id=\"fd704da\" data-element_type=\"widget\" data-e-type=\"widget\" data-settings=\"{&quot;aspect_ratio&quot;:&quot;1:1&quot;,&quot;columns_mobile&quot;:2,&quot;lazyload&quot;:&quot;yes&quot;,&quot;gallery_layout&quot;:&quot;grid&quot;,&quot;columns&quot;:4,&quot;columns_tablet&quot;:2,&quot;gap&quot;:{&quot;unit&quot;:&quot;px&quot;,&quot;size&quot;:10,&quot;sizes&quot;:[]},&quot;gap_tablet&quot;:{&quot;unit&quot;:&quot;px&quot;,&quot;size&quot;:10,&quot;sizes&quot;:[]},&quot;gap_mobile&quot;:{&quot;unit&quot;:&quot;px&quot;,&quot;size&quot;:10,&quot;sizes&quot;:[]},&quot;link_to&quot;:&quot;file&quot;,&quot;overlay_background&quot;:&quot;yes&quot;,&quot;content_hover_animation&quot;:&quot;fade-in&quot;}\" data-widget_type=\"gallery.default\">\n\t\t\t\t<div class=\"elementor-widget-container\">\n\t\t\t\t\t\t\t<div class=\"elementor-gallery__container\">\n\t\t\t\t\t\t\t<a class=\"e-gallery-item elementor-gallery-item elementor-animated-content\" href=\"https:\/\/prowohnen-ml.de\/wp-content\/uploads\/2026\/02\/IMG_20260122_105941.jpg\" data-elementor-open-lightbox=\"yes\" data-elementor-lightbox-slideshow=\"fd704da\" data-elementor-lightbox-title=\"IMG_20260122_105941\" data-e-action-hash=\"#elementor-action%3Aaction%3Dlightbox%26settings%3DeyJpZCI6MjUzOSwidXJsIjoiaHR0cHM6XC9cL3Byb3dvaG5lbi1tbC5kZVwvd3AtY29udGVudFwvdXBsb2Fkc1wvMjAyNlwvMDJcL0lNR18yMDI2MDEyMl8xMDU5NDEuanBnIiwic2xpZGVzaG93IjoiZmQ3MDRkYSJ9\">\n\t\t\t\t\t<div class=\"e-gallery-image elementor-gallery-item__image\" data-thumbnail=\"https:\/\/prowohnen-ml.de\/wp-content\/uploads\/2026\/02\/IMG_20260122_105941-768x576.jpg\" data-width=\"768\" data-height=\"576\" aria-label=\"\" role=\"img\" ><\/div>\n\t\t\t\t\t\t\t\t\t\t\t<div class=\"elementor-gallery-item__overlay\"><\/div>\n\t\t\t\t\t\t\t\t\t\t\t\t\t\t<\/a>\n\t\t\t\t\t\t\t<a class=\"e-gallery-item elementor-gallery-item elementor-animated-content\" href=\"https:\/\/prowohnen-ml.de\/wp-content\/uploads\/2026\/02\/IMG_20260122_110630.jpg\" data-elementor-open-lightbox=\"yes\" data-elementor-lightbox-slideshow=\"fd704da\" data-elementor-lightbox-title=\"IMG_20260122_110630\" data-e-action-hash=\"#elementor-action%3Aaction%3Dlightbox%26settings%3DeyJpZCI6MjU0MSwidXJsIjoiaHR0cHM6XC9cL3Byb3dvaG5lbi1tbC5kZVwvd3AtY29udGVudFwvdXBsb2Fkc1wvMjAyNlwvMDJcL0lNR18yMDI2MDEyMl8xMTA2MzAuanBnIiwic2xpZGVzaG93IjoiZmQ3MDRkYSJ9\">\n\t\t\t\t\t<div class=\"e-gallery-image elementor-gallery-item__image\" data-thumbnail=\"https:\/\/prowohnen-ml.de\/wp-content\/uploads\/2026\/02\/IMG_20260122_110630-768x576.jpg\" data-width=\"768\" data-height=\"576\" aria-label=\"\" role=\"img\" ><\/div>\n\t\t\t\t\t\t\t\t\t\t\t<div class=\"elementor-gallery-item__overlay\"><\/div>\n\t\t\t\t\t\t\t\t\t\t\t\t\t\t<\/a>\n\t\t\t\t\t\t\t<a class=\"e-gallery-item elementor-gallery-item elementor-animated-content\" href=\"https:\/\/prowohnen-ml.de\/wp-content\/uploads\/2026\/02\/image-22.png\" data-elementor-open-lightbox=\"yes\" data-elementor-lightbox-slideshow=\"fd704da\" data-elementor-lightbox-title=\"image 22\" data-e-action-hash=\"#elementor-action%3Aaction%3Dlightbox%26settings%3DeyJpZCI6MjU1MiwidXJsIjoiaHR0cHM6XC9cL3Byb3dvaG5lbi1tbC5kZVwvd3AtY29udGVudFwvdXBsb2Fkc1wvMjAyNlwvMDJcL2ltYWdlLTIyLnBuZyIsInNsaWRlc2hvdyI6ImZkNzA0ZGEifQ%3D%3D\">\n\t\t\t\t\t<div class=\"e-gallery-image elementor-gallery-item__image\" data-thumbnail=\"https:\/\/prowohnen-ml.de\/wp-content\/uploads\/2026\/02\/image-22-768x429.png\" data-width=\"768\" data-height=\"429\" aria-label=\"\" role=\"img\" ><\/div>\n\t\t\t\t\t\t\t\t\t\t\t<div class=\"elementor-gallery-item__overlay\"><\/div>\n\t\t\t\t\t\t\t\t\t\t\t\t\t\t<\/a>\n\t\t\t\t\t<\/div>\n\t\t\t\t\t<\/div>\n\t\t\t\t<\/div>\n\t\t\t\t\t<\/div>\n\t\t<\/div>\n\t\t\t\t\t<\/div>\n\t\t<\/section>\n\t\t\t\t<section class=\"elementor-section elementor-top-section elementor-element elementor-element-968cb2c elementor-section-boxed elementor-section-height-default elementor-section-height-default\" data-id=\"968cb2c\" data-element_type=\"section\" data-e-type=\"section\">\n\t\t\t\t\t\t<div class=\"elementor-container elementor-column-gap-default\">\n\t\t\t\t\t<div class=\"elementor-column elementor-col-100 elementor-top-column elementor-element elementor-element-20be9ef\" data-id=\"20be9ef\" data-element_type=\"column\" data-e-type=\"column\">\n\t\t\t<div class=\"elementor-widget-wrap elementor-element-populated\">\n\t\t\t\t\t\t<div class=\"elementor-element elementor-element-1512e56 elementor-widget-divider--view-line elementor-widget elementor-widget-divider\" data-id=\"1512e56\" data-element_type=\"widget\" data-e-type=\"widget\" data-widget_type=\"divider.default\">\n\t\t\t\t<div class=\"elementor-widget-container\">\n\t\t\t\t\t\t\t<div class=\"elementor-divider\">\n\t\t\t<span class=\"elementor-divider-separator\">\n\t\t\t\t\t\t<\/span>\n\t\t<\/div>\n\t\t\t\t\t\t<\/div>\n\t\t\t\t<\/div>\n\t\t\t\t\t<\/div>\n\t\t<\/div>\n\t\t\t\t\t<\/div>\n\t\t<\/section>\n\t\t\t\t<section class=\"elementor-section elementor-top-section elementor-element elementor-element-393e4cf elementor-section-boxed elementor-section-height-default elementor-section-height-default\" data-id=\"393e4cf\" data-element_type=\"section\" data-e-type=\"section\">\n\t\t\t\t\t\t<div class=\"elementor-container elementor-column-gap-default\">\n\t\t\t\t\t<div class=\"elementor-column elementor-col-100 elementor-top-column elementor-element elementor-element-510f4ce\" data-id=\"510f4ce\" data-element_type=\"column\" data-e-type=\"column\">\n\t\t\t<div class=\"elementor-widget-wrap elementor-element-populated\">\n\t\t\t\t\t\t<div class=\"elementor-element elementor-element-0cb400c elementor-widget elementor-widget-heading\" data-id=\"0cb400c\" data-element_type=\"widget\" data-e-type=\"widget\" data-widget_type=\"heading.default\">\n\t\t\t\t<div class=\"elementor-widget-container\">\n\t\t\t\t\t<h2 class=\"elementor-heading-title elementor-size-default\">Wohnhaus im Herzen von Niedernberg<\/h2>\t\t\t\t<\/div>\n\t\t\t\t<\/div>\n\t\t\t\t<div class=\"elementor-element elementor-element-b9405fc elementor-widget elementor-widget-image\" data-id=\"b9405fc\" data-element_type=\"widget\" data-e-type=\"widget\" data-widget_type=\"image.default\">\n\t\t\t\t<div class=\"elementor-widget-container\">\n\t\t\t\t\t\t\t\t\t\t\t\t\t\t\t<img decoding=\"async\" width=\"640\" height=\"480\" src=\"https:\/\/prowohnen-ml.de\/wp-content\/uploads\/2025\/10\/IMG_2542.jpg\" class=\"attachment-medium_large size-medium_large wp-image-2406\" alt=\"\" srcset=\"https:\/\/prowohnen-ml.de\/wp-content\/uploads\/2025\/10\/IMG_2542.jpg 640w, https:\/\/prowohnen-ml.de\/wp-content\/uploads\/2025\/10\/IMG_2542-300x225.jpg 300w\" sizes=\"(max-width: 640px) 100vw, 640px\" title=\"\">\t\t\t\t\t\t\t\t\t\t\t\t\t\t\t<\/div>\n\t\t\t\t<\/div>\n\t\t\t\t<div class=\"elementor-element elementor-element-c79932e elementor-widget elementor-widget-heading\" data-id=\"c79932e\" data-element_type=\"widget\" data-e-type=\"widget\" data-widget_type=\"heading.default\">\n\t\t\t\t<div class=\"elementor-widget-container\">\n\t\t\t\t\t<h2 class=\"elementor-heading-title elementor-size-default\">Informationen zum Projekt<\/h2>\t\t\t\t<\/div>\n\t\t\t\t<\/div>\n\t\t\t\t<div class=\"elementor-element elementor-element-64fe223 elementor-widget__width-initial elementor-widget elementor-widget-text-editor\" data-id=\"64fe223\" data-element_type=\"widget\" data-e-type=\"widget\" data-widget_type=\"text-editor.default\">\n\t\t\t\t<div class=\"elementor-widget-container\">\n\t\t\t\t\t\t\t\t\t<h2><!-- wp:paragraph --><\/h2>\n<p>Das denkmalgesch\u00fctzte Objekt kann saniert und muss erhalten werden.<br \/><br \/>Das Haus kann durch eine oder mehrere Familien genutzt werden. Der Innenhof und der gro\u00dfe Gew\u00f6lbekeller lassen viele Nutzungsm\u00f6glichkeiten zu.<br \/>Die Holzhallen im hinteren Teil des Grundst\u00fccks k\u00f6nnen unabh\u00e4ngig vom Denkmalschutz abgerissen oder instandgesetzt werden.<br \/><br \/>PS: F\u00fcr Investoren interessant ist auch, dass eine Entwurfsplanung f\u00fcr z.B. 10 Wohneinheiten vorliegt (siehe Beispielfotos).<br \/>Die Wohnungen k\u00f6nnten im Falle eines MFH barrierefrei inkl. Aufzug errichtet werden. Die denkmalpflegerischen Mehraufw\u00e4nde wurden bereits ermittelt. Der Bericht hierzu liegt vor.<\/p>\n<h2><!-- \/wp:paragraph --> <!-- wp:paragraph --><\/h2>\n<p><strong>Fl\u00e4chenangaben:<\/strong><br \/><br \/>Etagenzahl: 3<br \/>Anzahl Zimmer: 7, Anzahl Schlafzimmer: 4, Anzahl Badezimmer: 2<br \/>ca. 150 m<sup>2<\/sup> Wohnfl\u00e4che, ca. 180m<sup>2<\/sup> Nutzfl\u00e4che, ca. 1.031m<sup>2<\/sup> Grundst\u00fccksgr\u00f6\u00dfe<\/p>\n<h2><!-- \/wp:paragraph --> <!-- wp:paragraph --><\/h2>\n<p><strong>Lage:<\/strong><\/p>\n<h2><!-- \/wp:paragraph --> <!-- wp:paragraph --><\/h2>\n<p>Das Objekt liegt in der historischen Ortsmitte in der N\u00e4he des Mains in einer sch\u00f6nen Lage.<br \/><br \/>Niedernberg, als die n\u00f6rdlichste Gemeinde des Landkreises Miltenberg, liegt im linken Mainufer 10km s\u00fcdlich von Aschaffenburg.<br \/><br \/>Niedernberg liegt verkehrsg\u00fcnstig an der B469 und ist daher gut zu erreichen. Diese verkehrsg\u00fcnstige Lage hat auch die positive Entwicklung, von einem landwirtschaftlich gepr\u00e4gten Ort zu einem attraktiven Gewerbe- und Industriestandort, ma\u00dfgeblich beeinflusst. Dennoch hat der Ort seinen d\u00f6rflichen und liebenswerten Charakter nicht verloren. Das \u00f6rtliche, gute Kultur-, Sport- und Freizeitangebot (Beachpark) wird durch die attraktiven Angebote der n\u00e4heren Umgebung erg\u00e4nzt. Im &#8220;Seehotel&#8221; k\u00f6nnen sich Ihre G\u00e4ste entspannen und am See die Zeit genie\u00dfen<br \/>In Niedernberg direkt sind zahlreiche Einkaufsm\u00f6glichkeiten, Lebensmittelm\u00e4rkte, Discounter, Sparkasse usw. vorhanden. Die \u00e4rztliche Versorgung (Haus\u00e4rzte, Zahn\u00e4rzte, Kinderarzt, Physiotherapie usw.) inkl. Apotheke ist im Ort ebenfalls sichergestellt. F\u00fcr junge Familien stehen Kinderkrippe, Kinderg\u00e4rten und Schulen, Jugendtreff und diverse Spielpl\u00e4tze zur Verf\u00fcgung.<br \/>Niedernberg ist zudem durch ein aktives und attraktives Vereinsleben \u00fcber die Grenzen bekannt. <br \/>\u00c4ltere Menschen finden in der Seniorenbegegnungsst\u00e4tte Sp\u00e4tlese und in der Pflegeeinrichtung Santa Isabella Versorgung, Betreuung und Pflege.<\/p>\n<h2><!-- \/wp:paragraph --> <!-- wp:paragraph --><\/h2>\n<p><strong>Ausstattung Beschreibung:<\/strong><\/p>\n<h2><!-- \/wp:paragraph --> <!-- wp:paragraph --><\/h2>\n<p>Die Umbau- und Sanierungsma\u00dfnahmen k\u00f6nnen individuell unter Beachtung der denkmalpflegerischen Auflagen gestaltet werden.<br \/><br \/>Stellpl\u00e4tze sind auf dem Grundst\u00fcck ausreichend m\u00f6glich.<br \/><br \/>Aufgrund der erforderlichen grunds\u00e4tzlichen Umbauma\u00dfnahmen wurde auf die Darstellung, Beschreibung der aktuellen R\u00e4ume verzichtet.<br \/><br \/>Das Grundst\u00fcck Fl. Nr. 177\/1 ist bereits \u00fcber die Stra\u00dfe &#8220;Hintermauer&#8221; mit Kanal, Strom und Wasser erschlossen. Ein Leerrohr f\u00fcr den Glasfaseranschluss ist vorhanden.<br \/><br \/>Das Grundst\u00fcck Fl. Nr. 177, Hauptstr. 72 ist \u00fcber die Hauptstra\u00dfe erschlossen und ebenfalls bereits mit einem Leerrohr f\u00fcr einen Glasfaseranschluss ausgestattet.<\/p>\n<h2><!-- \/wp:paragraph --> <!-- wp:paragraph --><\/h2>\n<p><strong>Sonstige Angaben:<\/strong><\/p>\n<h2><!-- \/wp:paragraph --> <!-- wp:paragraph --><\/h2>\n<p>F\u00fcr den bzw. die K\u00e4ufer entstehen verschiedene Optionen:<br \/><br \/>1. Grundst\u00fcckskauf mit aktuellem Bestand. Umbau und Sanierung in Eigenregie zur Eigennutzung oder Mietung<br \/>F\u00f6rderm\u00f6glichkeiten: <br \/>&#8211; KfW F\u00f6rderung &#8220;Jung kauf alt&#8221;<br \/>&#8211; KfW F\u00f6rderungen f\u00fcr D\u00e4mmung, neue Fenster, usw.<\/p>\n<h2><!-- \/wp:paragraph --> <!-- wp:paragraph --><\/h2>\n<p>2. Umbau und Sanierung als Mehrfamilienwohnhaus gem. den eigenen Vorstellungen<\/p>\n<h2><!-- \/wp:paragraph --> <!-- wp:paragraph --><\/h2>\n<p>3. Umbau\/Sanierung und teilweise Neubau gem. der vorliegenden Entwurfsplanung<\/p>\n<h2><!-- \/wp:paragraph --> <!-- wp:paragraph --><\/h2>\n<p>Weitere F\u00f6rderungsm\u00f6glichkeiten bestehen \u00fcber den Denkmalschutz (Landesamt f\u00fcr Denkmalschutz, Landratsamt Miltenberg und Bezirk Unterfranken).<\/p>\n<h2><!-- \/wp:paragraph --> <!-- wp:paragraph --><\/h2>\n<p>Ein Teilbereich des Anwesens ist derzeit noch vermietet.<\/p>\n<h2><!-- \/wp:paragraph --><!-- wp:paragraph --><\/h2>\n<p><!-- wp:heading --><\/p>\n<p><!-- \/wp:heading --><!-- wp:paragraph --><\/p>\n<p><!-- \/wp:paragraph --><!-- wp:paragraph --><\/p>\n<p><strong>Sonstige Angaben:<\/strong><\/p>\n<p><!-- \/wp:paragraph --><!-- wp:paragraph --><\/p>\n<p>F\u00fcr weitere Informationen und Beratungsgespr\u00e4che kontaktieren Sie uns gerne \u00fcber E-Mail, unser Kontaktformular oder rufen Sie uns an. Wir beraten Sie mit unseren Partnern auch in Bezug auf eine m\u00f6gliche Finanzierung und evtl. nutzbare F\u00f6rderprogramme.<\/p>\n<p><!-- \/wp:paragraph --><!-- wp:paragraph --><\/p>\n<p>ProWohnen-Miteinander leben GmbH<br \/>Herr J\u00fcrgen Blitz<br \/>In der Quelle 5<br \/>63863 Eschau<br \/>Telefon: 09374 40998 25<br \/>E-Mail: j.blitz@prowohnen-ml.de<br \/>www.prowohnen-ml.de<\/p>\n<p><!-- \/wp:paragraph --><!-- wp:paragraph --><\/p>\n<p>Sprechen Sie uns an!<\/p>\n<p><!-- \/wp:paragraph --><\/p>\n<h2><!-- \/wp:paragraph --><\/h2>\n<p><!-- \/wp:paragraph --><\/p>\t\t\t\t\t\t\t\t<\/div>\n\t\t\t\t<\/div>\n\t\t\t\t<div class=\"elementor-element elementor-element-c67d9cc elementor-widget elementor-widget-gallery\" data-id=\"c67d9cc\" data-element_type=\"widget\" data-e-type=\"widget\" data-settings=\"{&quot;aspect_ratio&quot;:&quot;1:1&quot;,&quot;columns_mobile&quot;:2,&quot;lazyload&quot;:&quot;yes&quot;,&quot;gallery_layout&quot;:&quot;grid&quot;,&quot;columns&quot;:4,&quot;columns_tablet&quot;:2,&quot;gap&quot;:{&quot;unit&quot;:&quot;px&quot;,&quot;size&quot;:10,&quot;sizes&quot;:[]},&quot;gap_tablet&quot;:{&quot;unit&quot;:&quot;px&quot;,&quot;size&quot;:10,&quot;sizes&quot;:[]},&quot;gap_mobile&quot;:{&quot;unit&quot;:&quot;px&quot;,&quot;size&quot;:10,&quot;sizes&quot;:[]},&quot;link_to&quot;:&quot;file&quot;,&quot;overlay_background&quot;:&quot;yes&quot;,&quot;content_hover_animation&quot;:&quot;fade-in&quot;}\" data-widget_type=\"gallery.default\">\n\t\t\t\t<div class=\"elementor-widget-container\">\n\t\t\t\t\t\t\t<div class=\"elementor-gallery__container\">\n\t\t\t\t\t\t\t<a class=\"e-gallery-item elementor-gallery-item elementor-animated-content\" href=\"https:\/\/prowohnen-ml.de\/wp-content\/uploads\/2025\/10\/IMG_2542.jpg\" data-elementor-open-lightbox=\"yes\" data-elementor-lightbox-slideshow=\"c67d9cc\" data-elementor-lightbox-title=\"IMG_2542\" data-e-action-hash=\"#elementor-action%3Aaction%3Dlightbox%26settings%3DeyJpZCI6MjQwNiwidXJsIjoiaHR0cHM6XC9cL3Byb3dvaG5lbi1tbC5kZVwvd3AtY29udGVudFwvdXBsb2Fkc1wvMjAyNVwvMTBcL0lNR18yNTQyLmpwZyIsInNsaWRlc2hvdyI6ImM2N2Q5Y2MifQ%3D%3D\">\n\t\t\t\t\t<div class=\"e-gallery-image elementor-gallery-item__image\" data-thumbnail=\"https:\/\/prowohnen-ml.de\/wp-content\/uploads\/2025\/10\/IMG_2542.jpg\" data-width=\"640\" data-height=\"480\" aria-label=\"\" role=\"img\" ><\/div>\n\t\t\t\t\t\t\t\t\t\t\t<div class=\"elementor-gallery-item__overlay\"><\/div>\n\t\t\t\t\t\t\t\t\t\t\t\t\t\t<\/a>\n\t\t\t\t\t\t\t<a class=\"e-gallery-item elementor-gallery-item elementor-animated-content\" href=\"https:\/\/prowohnen-ml.de\/wp-content\/uploads\/2025\/10\/IMG_2543.jpg\" data-elementor-open-lightbox=\"yes\" data-elementor-lightbox-slideshow=\"c67d9cc\" data-elementor-lightbox-title=\"IMG_2543\" data-e-action-hash=\"#elementor-action%3Aaction%3Dlightbox%26settings%3DeyJpZCI6MjQwNSwidXJsIjoiaHR0cHM6XC9cL3Byb3dvaG5lbi1tbC5kZVwvd3AtY29udGVudFwvdXBsb2Fkc1wvMjAyNVwvMTBcL0lNR18yNTQzLmpwZyIsInNsaWRlc2hvdyI6ImM2N2Q5Y2MifQ%3D%3D\">\n\t\t\t\t\t<div class=\"e-gallery-image elementor-gallery-item__image\" data-thumbnail=\"https:\/\/prowohnen-ml.de\/wp-content\/uploads\/2025\/10\/IMG_2543.jpg\" data-width=\"640\" data-height=\"480\" aria-label=\"\" role=\"img\" ><\/div>\n\t\t\t\t\t\t\t\t\t\t\t<div class=\"elementor-gallery-item__overlay\"><\/div>\n\t\t\t\t\t\t\t\t\t\t\t\t\t\t<\/a>\n\t\t\t\t\t\t\t<a class=\"e-gallery-item elementor-gallery-item elementor-animated-content\" href=\"https:\/\/prowohnen-ml.de\/wp-content\/uploads\/2025\/10\/Bild2.png\" data-elementor-open-lightbox=\"yes\" data-elementor-lightbox-slideshow=\"c67d9cc\" data-elementor-lightbox-title=\"seitliche Ansicht\" data-e-action-hash=\"#elementor-action%3Aaction%3Dlightbox%26settings%3DeyJpZCI6MjQwMiwidXJsIjoiaHR0cHM6XC9cL3Byb3dvaG5lbi1tbC5kZVwvd3AtY29udGVudFwvdXBsb2Fkc1wvMjAyNVwvMTBcL0JpbGQyLnBuZyIsInNsaWRlc2hvdyI6ImM2N2Q5Y2MifQ%3D%3D\">\n\t\t\t\t\t<div class=\"e-gallery-image elementor-gallery-item__image\" data-thumbnail=\"https:\/\/prowohnen-ml.de\/wp-content\/uploads\/2025\/10\/Bild2.png\" data-width=\"586\" data-height=\"402\" aria-label=\"seitliche Ansicht\" role=\"img\" ><\/div>\n\t\t\t\t\t\t\t\t\t\t\t<div class=\"elementor-gallery-item__overlay\"><\/div>\n\t\t\t\t\t\t\t\t\t\t\t\t\t\t<\/a>\n\t\t\t\t\t\t\t<a class=\"e-gallery-item elementor-gallery-item elementor-animated-content\" href=\"https:\/\/prowohnen-ml.de\/wp-content\/uploads\/2025\/10\/Bild1.png\" data-elementor-open-lightbox=\"yes\" data-elementor-lightbox-slideshow=\"c67d9cc\" data-elementor-lightbox-title=\"Frontansicht\" data-e-action-hash=\"#elementor-action%3Aaction%3Dlightbox%26settings%3DeyJpZCI6MjQwMSwidXJsIjoiaHR0cHM6XC9cL3Byb3dvaG5lbi1tbC5kZVwvd3AtY29udGVudFwvdXBsb2Fkc1wvMjAyNVwvMTBcL0JpbGQxLnBuZyIsInNsaWRlc2hvdyI6ImM2N2Q5Y2MifQ%3D%3D\">\n\t\t\t\t\t<div class=\"e-gallery-image elementor-gallery-item__image\" data-thumbnail=\"https:\/\/prowohnen-ml.de\/wp-content\/uploads\/2025\/10\/Bild1.png\" data-width=\"586\" data-height=\"352\" aria-label=\"Frontansicht\" role=\"img\" ><\/div>\n\t\t\t\t\t\t\t\t\t\t\t<div class=\"elementor-gallery-item__overlay\"><\/div>\n\t\t\t\t\t\t\t\t\t\t\t\t\t\t<\/a>\n\t\t\t\t\t\t\t<a class=\"e-gallery-item elementor-gallery-item elementor-animated-content\" href=\"https:\/\/prowohnen-ml.de\/wp-content\/uploads\/2025\/10\/Bild3.png\" data-elementor-open-lightbox=\"yes\" data-elementor-lightbox-slideshow=\"c67d9cc\" data-elementor-lightbox-title=\"Lageplan\" data-e-action-hash=\"#elementor-action%3Aaction%3Dlightbox%26settings%3DeyJpZCI6MjQwMywidXJsIjoiaHR0cHM6XC9cL3Byb3dvaG5lbi1tbC5kZVwvd3AtY29udGVudFwvdXBsb2Fkc1wvMjAyNVwvMTBcL0JpbGQzLnBuZyIsInNsaWRlc2hvdyI6ImM2N2Q5Y2MifQ%3D%3D\">\n\t\t\t\t\t<div class=\"e-gallery-image elementor-gallery-item__image\" data-thumbnail=\"https:\/\/prowohnen-ml.de\/wp-content\/uploads\/2025\/10\/Bild3.png\" data-width=\"586\" data-height=\"489\" aria-label=\"Lageplan\" role=\"img\" ><\/div>\n\t\t\t\t\t\t\t\t\t\t\t<div class=\"elementor-gallery-item__overlay\"><\/div>\n\t\t\t\t\t\t\t\t\t\t\t\t\t\t<\/a>\n\t\t\t\t\t\t\t<a class=\"e-gallery-item elementor-gallery-item elementor-animated-content\" href=\"https:\/\/prowohnen-ml.de\/wp-content\/uploads\/2025\/10\/Bild4.png\" data-elementor-open-lightbox=\"yes\" data-elementor-lightbox-slideshow=\"c67d9cc\" data-elementor-lightbox-title=\"Bild4\" data-e-action-hash=\"#elementor-action%3Aaction%3Dlightbox%26settings%3DeyJpZCI6MjQwNCwidXJsIjoiaHR0cHM6XC9cL3Byb3dvaG5lbi1tbC5kZVwvd3AtY29udGVudFwvdXBsb2Fkc1wvMjAyNVwvMTBcL0JpbGQ0LnBuZyIsInNsaWRlc2hvdyI6ImM2N2Q5Y2MifQ%3D%3D\">\n\t\t\t\t\t<div class=\"e-gallery-image elementor-gallery-item__image\" data-thumbnail=\"https:\/\/prowohnen-ml.de\/wp-content\/uploads\/2025\/10\/Bild4.png\" data-width=\"586\" data-height=\"439\" aria-label=\"\" role=\"img\" ><\/div>\n\t\t\t\t\t\t\t\t\t\t\t<div class=\"elementor-gallery-item__overlay\"><\/div>\n\t\t\t\t\t\t\t\t\t\t\t\t\t\t<\/a>\n\t\t\t\t\t\t\t<a class=\"e-gallery-item elementor-gallery-item elementor-animated-content\" href=\"https:\/\/prowohnen-ml.de\/wp-content\/uploads\/2025\/10\/Bild5.png\" data-elementor-open-lightbox=\"yes\" data-elementor-lightbox-slideshow=\"c67d9cc\" data-elementor-lightbox-title=\"Bild5\" data-e-action-hash=\"#elementor-action%3Aaction%3Dlightbox%26settings%3DeyJpZCI6MjQwMCwidXJsIjoiaHR0cHM6XC9cL3Byb3dvaG5lbi1tbC5kZVwvd3AtY29udGVudFwvdXBsb2Fkc1wvMjAyNVwvMTBcL0JpbGQ1LnBuZyIsInNsaWRlc2hvdyI6ImM2N2Q5Y2MifQ%3D%3D\">\n\t\t\t\t\t<div class=\"e-gallery-image elementor-gallery-item__image\" data-thumbnail=\"https:\/\/prowohnen-ml.de\/wp-content\/uploads\/2025\/10\/Bild5.png\" data-width=\"464\" data-height=\"348\" aria-label=\"\" role=\"img\" ><\/div>\n\t\t\t\t\t\t\t\t\t\t\t<div class=\"elementor-gallery-item__overlay\"><\/div>\n\t\t\t\t\t\t\t\t\t\t\t\t\t\t<\/a>\n\t\t\t\t\t<\/div>\n\t\t\t\t\t<\/div>\n\t\t\t\t<\/div>\n\t\t\t\t\t<\/div>\n\t\t<\/div>\n\t\t\t\t\t<\/div>\n\t\t<\/section>\n\t\t\t\t<section class=\"elementor-section elementor-top-section elementor-element elementor-element-4db6b5f elementor-section-boxed elementor-section-height-default elementor-section-height-default\" data-id=\"4db6b5f\" data-element_type=\"section\" data-e-type=\"section\" id=\"HotelanlageMoenchberg\">\n\t\t\t\t\t\t<div class=\"elementor-container elementor-column-gap-default\">\n\t\t\t\t\t<div class=\"elementor-column elementor-col-100 elementor-top-column elementor-element elementor-element-1bccbe5\" data-id=\"1bccbe5\" data-element_type=\"column\" data-e-type=\"column\">\n\t\t\t<div class=\"elementor-widget-wrap elementor-element-populated\">\n\t\t\t\t\t\t<div class=\"elementor-element elementor-element-ffbcc15 elementor-widget-divider--view-line elementor-widget elementor-widget-divider\" data-id=\"ffbcc15\" data-element_type=\"widget\" data-e-type=\"widget\" data-widget_type=\"divider.default\">\n\t\t\t\t<div class=\"elementor-widget-container\">\n\t\t\t\t\t\t\t<div class=\"elementor-divider\">\n\t\t\t<span class=\"elementor-divider-separator\">\n\t\t\t\t\t\t<\/span>\n\t\t<\/div>\n\t\t\t\t\t\t<\/div>\n\t\t\t\t<\/div>\n\t\t\t\t\t<\/div>\n\t\t<\/div>\n\t\t\t\t\t<\/div>\n\t\t<\/section>\n\t\t\t\t<section class=\"elementor-section elementor-top-section elementor-element elementor-element-28c8ea9 elementor-section-boxed elementor-section-height-default elementor-section-height-default\" data-id=\"28c8ea9\" data-element_type=\"section\" data-e-type=\"section\">\n\t\t\t\t\t\t<div class=\"elementor-container elementor-column-gap-default\">\n\t\t\t\t\t<div class=\"elementor-column elementor-col-100 elementor-top-column elementor-element elementor-element-0e4ade0\" data-id=\"0e4ade0\" data-element_type=\"column\" data-e-type=\"column\">\n\t\t\t<div class=\"elementor-widget-wrap elementor-element-populated\">\n\t\t\t\t\t\t<div class=\"elementor-element elementor-element-a62b3f0 elementor-widget elementor-widget-heading\" data-id=\"a62b3f0\" data-element_type=\"widget\" data-e-type=\"widget\" data-widget_type=\"heading.default\">\n\t\t\t\t<div class=\"elementor-widget-container\">\n\t\t\t\t\t<h2 class=\"elementor-heading-title elementor-size-default\">Gepflegte Hotelanlage in M\u00f6nchberg <br>mit vielen Entwicklungsm\u00f6glichkeiten<\/h2>\t\t\t\t<\/div>\n\t\t\t\t<\/div>\n\t\t\t\t<div class=\"elementor-element elementor-element-aaa3aa0 elementor-widget elementor-widget-image\" data-id=\"aaa3aa0\" data-element_type=\"widget\" data-e-type=\"widget\" data-widget_type=\"image.default\">\n\t\t\t\t<div class=\"elementor-widget-container\">\n\t\t\t\t\t\t\t\t\t\t\t\t\t\t\t<img decoding=\"async\" width=\"768\" height=\"432\" src=\"https:\/\/prowohnen-ml.de\/wp-content\/uploads\/2025\/06\/DJI_00022-768x432.jpg\" class=\"attachment-medium_large size-medium_large wp-image-2052\" alt=\"\" srcset=\"https:\/\/prowohnen-ml.de\/wp-content\/uploads\/2025\/06\/DJI_00022-768x432.jpg 768w, https:\/\/prowohnen-ml.de\/wp-content\/uploads\/2025\/06\/DJI_00022-300x169.jpg 300w, https:\/\/prowohnen-ml.de\/wp-content\/uploads\/2025\/06\/DJI_00022-1024x576.jpg 1024w, https:\/\/prowohnen-ml.de\/wp-content\/uploads\/2025\/06\/DJI_00022-1536x864.jpg 1536w, https:\/\/prowohnen-ml.de\/wp-content\/uploads\/2025\/06\/DJI_00022-2048x1152.jpg 2048w, https:\/\/prowohnen-ml.de\/wp-content\/uploads\/2025\/06\/DJI_00022-1320x743.jpg 1320w\" sizes=\"(max-width: 768px) 100vw, 768px\" title=\"\">\t\t\t\t\t\t\t\t\t\t\t\t\t\t\t<\/div>\n\t\t\t\t<\/div>\n\t\t\t\t<div class=\"elementor-element elementor-element-ba107b6 elementor-widget elementor-widget-heading\" data-id=\"ba107b6\" data-element_type=\"widget\" data-e-type=\"widget\" data-widget_type=\"heading.default\">\n\t\t\t\t<div class=\"elementor-widget-container\">\n\t\t\t\t\t<h2 class=\"elementor-heading-title elementor-size-default\">Informationen zum Projekt\n<\/h2>\t\t\t\t<\/div>\n\t\t\t\t<\/div>\n\t\t\t\t<div class=\"elementor-element elementor-element-5dba669 elementor-widget__width-initial elementor-widget elementor-widget-text-editor\" data-id=\"5dba669\" data-element_type=\"widget\" data-e-type=\"widget\" data-widget_type=\"text-editor.default\">\n\t\t\t\t<div class=\"elementor-widget-container\">\n\t\t\t\t\t\t\t\t\t<h2><!-- wp:paragraph --><\/h2>\n<p>Das Hotel Schmitt in M\u00f6nchberg, seit 1972 in Familienbesitz, bietet komfortable Zimmer und eine einladende Atmosph\u00e4re im Herzen des bayerischen Spessarts. G\u00e4ste genie\u00dfen regionale Spezialit\u00e4ten im hauseigenen Restaurant und entspannen im Wellnessbereich mit Sauna und Pool. Moderne Tagungsr\u00e4ume und die idyllische Umgebung laden zu erfolgreichen Meetings sowie zu Wanderungen und Radtouren ein. Das Hotel Schmitt verbindet Tradition mit zeitgem\u00e4\u00dfem Komfort und sorgt f\u00fcr einen angenehmen Aufenthalt.<\/p>\n<h2><!-- \/wp:paragraph --><!-- wp:paragraph --><\/h2>\n<p><strong>Fl\u00e4chenangaben:<\/strong><\/p>\n<p>Grundst\u00fccksfl\u00e4che: 16.653m2 &#8211; <strong>Bruttogrundfl\u00e4che<\/strong> &#8211; BGF: 3.807m2<br \/>Zwei Bauwerke mit Verbindungsbau &#8211; insgesamt 5 Geschosse aktuelle Nutzung als Hotelbetrieb + 2 Privatwohnungen<\/p>\n<ul>\n<li><strong>Aktuelle Aufteilung:<\/strong><br \/><strong>UG1:<\/strong> BGF=790m2<\/li>\n<li><strong>UG2:<\/strong> BGF=125m2 <br \/>Wasch-, K\u00fchl-, Technik- und Lagerr\u00e4ume, Garagen und<br \/>Wellnessbereich mit Schwimmbad, Liegebereich, Duschen, Solarium, Kosmetikraum, Toiletten,<br \/>Umkleiden, Forum mit Fu\u00dfbad, Dampfbad, Sauna, Tecaldarium und Ruhebereich<\/li>\n<li><strong>EG:<\/strong> BGF=785m2<br \/>Empfang, K\u00fcche, Speiser\u00e4ume, Balkon, Bar, B\u00fcro, 6 Hotelzimmer<\/li>\n<li><strong>1.OG:<\/strong> BGF=813m2<br \/>11 Hotelzimmer, 1. Privatwohnung mit 2 Kinderzimmern, Elternschlafzimmer,<br \/>zwei B\u00e4der, Wohnbereich, K\u00fcche und Balkon<\/li>\n<li><strong>2.OG:<\/strong> BGF=706m2<br \/>11 Hotelzimmer, 2. Privatwohnung mit Kaminzimmer, Wohnbereich, K\u00fcche,<br \/>Toilette und mehrere Balkone\/Loggien<\/li>\n<li><strong>DG:<\/strong> BGF=590m2<br \/>9 Hotelzimmer, Archiv, Lager, 2.Privatwohnung mit Elternschlafzimmer,<br \/>Kinderzimmern, zwei B\u00e4der, Ankleide und Galerie 7 Hotelzimmer vorhanden <strong>(15-26m2)<\/strong> Hotelzimmer komplett m\u00f6bliert: Doppel- und Einzelbetten,<br \/>Sofa mit Sesseln, Kleiderschrank, Kofferablage, Schreibtisch mit Stuhl, Loggia und Badezimmer<br \/>Aufzug und mehrere Treppenh\u00e4user vorhanden<\/li>\n<li><strong>Au\u00dfenbereich:<\/strong> gro\u00dfz\u00fcgiger Englischer Garten, Tennisplatz, Minigolf, Teich, Spielplatz, Outdoor-Schachfeld, Liegewiese f\u00fcr Schwimmbadbesucher und Zauberwald;<\/li>\n<li><strong>Erweiterungsfl\u00e4chen<\/strong>: Bauerwartungsland \/ Gr\u00fcnanlage \u00f6stlich des Grundst\u00fcckes: Neubau m\u00f6glich:<br \/>Erste Ideen, Entw\u00fcrfe des Architekten zu Erweiterungen vorhanden.<br \/>Baumhaushotel \u201dWipfelgl\u00fcck\u201d (gleicher Eigent\u00fcmer), 15 Gehminuten von Hotel entfernt, ideal auch f\u00fcr Kinder <br \/><br \/>Details unter www.wipfelgl\u00fcck.de (Erwerb auf Wunsch zus\u00e4tzlich m\u00f6glich)<\/li>\n<\/ul>\n<h2><!-- \/wp:paragraph --><!-- wp:list --><\/h2>\n<ul>\n<li style=\"list-style-type: none;\">\n<ul><!-- wp:list-item --><\/ul>\n<\/li>\n<\/ul>\n<ul>\n<li style=\"list-style-type: none;\">\u00a0<\/li>\n<\/ul>\n<p><!-- \/wp:list-item --><\/p>\n<h2><!-- \/wp:list --><!-- wp:paragraph --><\/h2>\n<p><strong>Lage:<\/strong><\/p>\n<h2><!-- \/wp:paragraph --><!-- wp:paragraph --><\/h2>\n<p><strong>M\u00f6nchberg ist eine aktive Gemeinde im Landkreis Miltenberg und hat viel zu <\/strong><strong>bieten:<\/strong><br \/>M\u00f6nchberg, ein <strong>idyllischer Ort im bayerischen Spessart<\/strong>, bietet eine hohe Lebensqualit\u00e4t und<br \/>vielf\u00e4ltige Freizeitm\u00f6glichkeiten. Umgeben von dichten W\u00e4ldern und sanften H\u00fcgeln l\u00e4dt die<br \/>malerische Landschaft zu <strong>Wanderungen, Radtouren und Spazierg\u00e4ngen ein<\/strong>. Historische<br \/>Fachwerkh\u00e4user, gem\u00fctliche Lokale und \u00f6rtliche Feste pr\u00e4gen das Ortsbild. Moderne<br \/><strong>Sporteinrichtungen und ein Freibad<\/strong> runden das Angebot ab. Die N\u00e4he zur Kreisstadt Miltenberg,<br \/>die Weinregion Churfranken erweitern die <strong>kulturellen Freizeitm\u00f6glichkeiten<\/strong>. Die Attraktivit\u00e4t des Landkreises spiegelt sich auch in der hohen Kaufkraft wieder. <strong>M\u00f6nchberg vereint Tradition und Moderne<\/strong> und sorgt f\u00fcr eine erholsame Zeit im Herzen des Spessarts.<br \/>M\u00f6nchberg bietet eine <strong>Versorgung mit Arztpraxen, Apotheke, B\u00e4cker und einer Bankfiliale<\/strong>. F\u00fcr Freizeitaktivit\u00e4ten stehen ein <strong>modernes Freibad, Tennispl\u00e4tze und zahlreiche Wander- und Radwege<\/strong> zur Verf\u00fcgung.<\/p>\n<p>Das Schwesterhotel \u201dBaumhaus Wipfelgl\u00fcck\u201d bietet einzigartige \u00dcbernachtungserlebnisse inmitten der Natur. Lokale Gastst\u00e4tten laden mit regionalen Spezialit\u00e4ten zum Verweilen ein. Kulturelle Veranstaltungen und die \u00f6rtlichen Festebereichern das Gemeindeleben.<\/p>\n<p>Das Hotel liegt im <strong>bayrischen Teil des Spessarts<\/strong>, n\u00e4he der <strong>Kreisstadt Miltenberg. Aschaffenburg<\/strong><br \/><strong>liegt mit 30km, Frankfurt am Main mit 69km und W\u00fcrzburg mit 76km entfernt.<\/strong><\/p>\n<p>Der topographische H\u00f6chstpunkt der Gemeinde befindet sich auf dem Gipfel des Geiersberges s\u00fcd\u00f6stlich von M\u00f6nchberg. Der Landkreis Miltenberg liegt zentral mitten in Deutschland und besitzt eine <strong>gute und leistungsf\u00e4hige Verkehrsinfrastruktur. Bahnstrecken,<\/strong><br \/><strong>ein dichtes Busangebot, ein sehr gutes Radwege- und Stra\u00dfennetz sind vorhanden<\/strong>.<\/p>\n<h2><!-- \/wp:paragraph --><!-- wp:paragraph --><\/h2>\n<p><strong>Ausstattung Beschreibung:<\/strong><\/p>\n<h2><!-- \/wp:paragraph --><!-- wp:list --><\/h2>\n<ul>\n<li style=\"list-style-type: none;\">\n<ul><!-- wp:list-item --><\/ul>\n<\/li>\n<\/ul>\n<ul>\n<li style=\"list-style-type: none;\">\n<ul>\n<li>\n<p>Gepflegtes Familienhotel im Luftkurort mit Parkanlage (Englischer Garten),<\/p>\n<\/li>\n<li>\n<p>gro\u00dfes Restaurant mit Terrasse,<\/p>\n<\/li>\n<li>\n<p>Minigolfanlage<\/p>\n<\/li>\n<li>\n<p>Hallenbad<\/p>\n<\/li>\n<li>\n<p>eigener Tennisplatz<\/p>\n<\/li>\n<li>\n<p>Zauberwald und Kinderspielplatz<\/p>\n<\/li>\n<\/ul>\n<\/li>\n<\/ul>\n<p><!-- \/wp:list-item --><\/p>\n<h2><!-- \/wp:list --><!-- wp:paragraph --><\/h2>\n<p>\u00a0<\/p>\n<h2><!-- \/wp:paragraph --><!-- wp:paragraph --><\/h2>\n<p><strong>Sonstige Angaben:<\/strong><\/p>\n<h2><!-- \/wp:paragraph --><!-- wp:paragraph --><\/h2>\n<p>Nutzungsm\u00f6glichkeiten:<br \/>&#8211; Seniorenresidenz, Gehobenes Service Wohnen<br \/><span style=\"font-style: inherit; font-weight: inherit;\">&#8211; klassisches Hotel<br \/><\/span><span style=\"font-style: inherit; font-weight: inherit;\">&#8211; G\u00e4stehaus f\u00fcr Firmen<br \/><\/span><span style=\"font-style: inherit; font-weight: inherit;\">&#8211; Inklusionshotel<br \/><\/span><span style=\"font-style: inherit; font-weight: inherit;\">&#8211; Hotel f\u00fcr Menschen mit Beeintr\u00e4chtigungen<br \/>&#8211; hochwertiges Kurzzeitwohnen\/Boardinghaus<\/span><\/p>\n<p>\u00a0<\/p>\n<h2><!-- \/wp:paragraph --><!-- wp:paragraph --><\/h2>\n<p>Sprechen Sie uns an!<\/p>\n<h2><!-- \/wp:paragraph --><\/h2>\n<p><!-- \/wp:paragraph --><\/p>\t\t\t\t\t\t\t\t<\/div>\n\t\t\t\t<\/div>\n\t\t\t\t<div class=\"elementor-element elementor-element-fab7383 elementor-widget elementor-widget-gallery\" data-id=\"fab7383\" data-element_type=\"widget\" data-e-type=\"widget\" data-settings=\"{&quot;aspect_ratio&quot;:&quot;1:1&quot;,&quot;columns_mobile&quot;:2,&quot;lazyload&quot;:&quot;yes&quot;,&quot;gallery_layout&quot;:&quot;grid&quot;,&quot;columns&quot;:4,&quot;columns_tablet&quot;:2,&quot;gap&quot;:{&quot;unit&quot;:&quot;px&quot;,&quot;size&quot;:10,&quot;sizes&quot;:[]},&quot;gap_tablet&quot;:{&quot;unit&quot;:&quot;px&quot;,&quot;size&quot;:10,&quot;sizes&quot;:[]},&quot;gap_mobile&quot;:{&quot;unit&quot;:&quot;px&quot;,&quot;size&quot;:10,&quot;sizes&quot;:[]},&quot;link_to&quot;:&quot;file&quot;,&quot;overlay_background&quot;:&quot;yes&quot;,&quot;content_hover_animation&quot;:&quot;fade-in&quot;}\" data-widget_type=\"gallery.default\">\n\t\t\t\t<div class=\"elementor-widget-container\">\n\t\t\t\t\t\t\t<div class=\"elementor-gallery__container\">\n\t\t\t\t\t\t\t<a class=\"e-gallery-item elementor-gallery-item elementor-animated-content\" href=\"https:\/\/prowohnen-ml.de\/wp-content\/uploads\/2025\/06\/img8.jpg\" data-elementor-open-lightbox=\"yes\" data-elementor-lightbox-slideshow=\"fab7383\" data-e-action-hash=\"#elementor-action%3Aaction%3Dlightbox%26settings%3DeyJpZCI6MjA1NSwidXJsIjoiaHR0cHM6XC9cL3Byb3dvaG5lbi1tbC5kZVwvd3AtY29udGVudFwvdXBsb2Fkc1wvMjAyNVwvMDZcL2ltZzguanBnIiwic2xpZGVzaG93IjoiZmFiNzM4MyJ9\">\n\t\t\t\t\t<div class=\"e-gallery-image elementor-gallery-item__image\" data-thumbnail=\"https:\/\/prowohnen-ml.de\/wp-content\/uploads\/2025\/06\/img8-768x495.jpg\" data-width=\"768\" data-height=\"495\" aria-label=\"\" role=\"img\" ><\/div>\n\t\t\t\t\t\t\t\t\t\t\t<div class=\"elementor-gallery-item__overlay\"><\/div>\n\t\t\t\t\t\t\t\t\t\t\t\t\t\t<\/a>\n\t\t\t\t\t\t\t<a class=\"e-gallery-item elementor-gallery-item elementor-animated-content\" href=\"https:\/\/prowohnen-ml.de\/wp-content\/uploads\/2025\/06\/23133650.jpg\" data-elementor-open-lightbox=\"yes\" data-elementor-lightbox-slideshow=\"fab7383\" data-e-action-hash=\"#elementor-action%3Aaction%3Dlightbox%26settings%3DeyJpZCI6MjA1MSwidXJsIjoiaHR0cHM6XC9cL3Byb3dvaG5lbi1tbC5kZVwvd3AtY29udGVudFwvdXBsb2Fkc1wvMjAyNVwvMDZcLzIzMTMzNjUwLmpwZyIsInNsaWRlc2hvdyI6ImZhYjczODMifQ%3D%3D\">\n\t\t\t\t\t<div class=\"e-gallery-image elementor-gallery-item__image\" data-thumbnail=\"https:\/\/prowohnen-ml.de\/wp-content\/uploads\/2025\/06\/23133650-768x461.jpg\" data-width=\"768\" data-height=\"461\" aria-label=\"\" role=\"img\" ><\/div>\n\t\t\t\t\t\t\t\t\t\t\t<div class=\"elementor-gallery-item__overlay\"><\/div>\n\t\t\t\t\t\t\t\t\t\t\t\t\t\t<\/a>\n\t\t\t\t\t\t\t<a class=\"e-gallery-item elementor-gallery-item elementor-animated-content\" href=\"https:\/\/prowohnen-ml.de\/wp-content\/uploads\/2025\/06\/DJI_00022-scaled.jpg\" data-elementor-open-lightbox=\"yes\" data-elementor-lightbox-slideshow=\"fab7383\" data-e-action-hash=\"#elementor-action%3Aaction%3Dlightbox%26settings%3DeyJpZCI6MjA1MiwidXJsIjoiaHR0cHM6XC9cL3Byb3dvaG5lbi1tbC5kZVwvd3AtY29udGVudFwvdXBsb2Fkc1wvMjAyNVwvMDZcL0RKSV8wMDAyMi1zY2FsZWQuanBnIiwic2xpZGVzaG93IjoiZmFiNzM4MyJ9\">\n\t\t\t\t\t<div class=\"e-gallery-image elementor-gallery-item__image\" data-thumbnail=\"https:\/\/prowohnen-ml.de\/wp-content\/uploads\/2025\/06\/DJI_00022-768x432.jpg\" data-width=\"768\" data-height=\"432\" aria-label=\"\" role=\"img\" ><\/div>\n\t\t\t\t\t\t\t\t\t\t\t<div class=\"elementor-gallery-item__overlay\"><\/div>\n\t\t\t\t\t\t\t\t\t\t\t\t\t\t<\/a>\n\t\t\t\t\t\t\t<a class=\"e-gallery-item elementor-gallery-item elementor-animated-content\" href=\"https:\/\/prowohnen-ml.de\/wp-content\/uploads\/2025\/06\/DJI_0006.00_00_36_17.Standbild008-scaled.jpg\" data-elementor-open-lightbox=\"yes\" data-elementor-lightbox-slideshow=\"fab7383\" data-e-action-hash=\"#elementor-action%3Aaction%3Dlightbox%26settings%3DeyJpZCI6MjA1MywidXJsIjoiaHR0cHM6XC9cL3Byb3dvaG5lbi1tbC5kZVwvd3AtY29udGVudFwvdXBsb2Fkc1wvMjAyNVwvMDZcL0RKSV8wMDA2LjAwXzAwXzM2XzE3LlN0YW5kYmlsZDAwOC1zY2FsZWQuanBnIiwic2xpZGVzaG93IjoiZmFiNzM4MyJ9\">\n\t\t\t\t\t<div class=\"e-gallery-image elementor-gallery-item__image\" data-thumbnail=\"https:\/\/prowohnen-ml.de\/wp-content\/uploads\/2025\/06\/DJI_0006.00_00_36_17.Standbild008-768x432.jpg\" data-width=\"768\" data-height=\"432\" aria-label=\"\" role=\"img\" ><\/div>\n\t\t\t\t\t\t\t\t\t\t\t<div class=\"elementor-gallery-item__overlay\"><\/div>\n\t\t\t\t\t\t\t\t\t\t\t\t\t\t<\/a>\n\t\t\t\t\t\t\t<a class=\"e-gallery-item elementor-gallery-item elementor-animated-content\" href=\"https:\/\/prowohnen-ml.de\/wp-content\/uploads\/2025\/06\/img25.jpg\" data-elementor-open-lightbox=\"yes\" data-elementor-lightbox-slideshow=\"fab7383\" data-e-action-hash=\"#elementor-action%3Aaction%3Dlightbox%26settings%3DeyJpZCI6MjA1NiwidXJsIjoiaHR0cHM6XC9cL3Byb3dvaG5lbi1tbC5kZVwvd3AtY29udGVudFwvdXBsb2Fkc1wvMjAyNVwvMDZcL2ltZzI1LmpwZyIsInNsaWRlc2hvdyI6ImZhYjczODMifQ%3D%3D\">\n\t\t\t\t\t<div class=\"e-gallery-image elementor-gallery-item__image\" data-thumbnail=\"https:\/\/prowohnen-ml.de\/wp-content\/uploads\/2025\/06\/img25-768x432.jpg\" data-width=\"768\" data-height=\"432\" aria-label=\"\" role=\"img\" ><\/div>\n\t\t\t\t\t\t\t\t\t\t\t<div class=\"elementor-gallery-item__overlay\"><\/div>\n\t\t\t\t\t\t\t\t\t\t\t\t\t\t<\/a>\n\t\t\t\t\t\t\t<a class=\"e-gallery-item elementor-gallery-item elementor-animated-content\" href=\"https:\/\/prowohnen-ml.de\/wp-content\/uploads\/2025\/06\/img26.jpg\" data-elementor-open-lightbox=\"yes\" data-elementor-lightbox-slideshow=\"fab7383\" data-e-action-hash=\"#elementor-action%3Aaction%3Dlightbox%26settings%3DeyJpZCI6MjA1NywidXJsIjoiaHR0cHM6XC9cL3Byb3dvaG5lbi1tbC5kZVwvd3AtY29udGVudFwvdXBsb2Fkc1wvMjAyNVwvMDZcL2ltZzI2LmpwZyIsInNsaWRlc2hvdyI6ImZhYjczODMifQ%3D%3D\">\n\t\t\t\t\t<div class=\"e-gallery-image elementor-gallery-item__image\" data-thumbnail=\"https:\/\/prowohnen-ml.de\/wp-content\/uploads\/2025\/06\/img26-768x432.jpg\" data-width=\"768\" data-height=\"432\" aria-label=\"\" role=\"img\" ><\/div>\n\t\t\t\t\t\t\t\t\t\t\t<div class=\"elementor-gallery-item__overlay\"><\/div>\n\t\t\t\t\t\t\t\t\t\t\t\t\t\t<\/a>\n\t\t\t\t\t\t\t<a class=\"e-gallery-item elementor-gallery-item elementor-animated-content\" href=\"https:\/\/prowohnen-ml.de\/wp-content\/uploads\/2025\/06\/img30.jpg\" data-elementor-open-lightbox=\"yes\" data-elementor-lightbox-slideshow=\"fab7383\" data-e-action-hash=\"#elementor-action%3Aaction%3Dlightbox%26settings%3DeyJpZCI6MjA1OCwidXJsIjoiaHR0cHM6XC9cL3Byb3dvaG5lbi1tbC5kZVwvd3AtY29udGVudFwvdXBsb2Fkc1wvMjAyNVwvMDZcL2ltZzMwLmpwZyIsInNsaWRlc2hvdyI6ImZhYjczODMifQ%3D%3D\">\n\t\t\t\t\t<div class=\"e-gallery-image elementor-gallery-item__image\" data-thumbnail=\"https:\/\/prowohnen-ml.de\/wp-content\/uploads\/2025\/06\/img30-768x559.jpg\" data-width=\"768\" data-height=\"559\" aria-label=\"\" role=\"img\" ><\/div>\n\t\t\t\t\t\t\t\t\t\t\t<div class=\"elementor-gallery-item__overlay\"><\/div>\n\t\t\t\t\t\t\t\t\t\t\t\t\t\t<\/a>\n\t\t\t\t\t\t\t<a class=\"e-gallery-item elementor-gallery-item elementor-animated-content\" href=\"https:\/\/prowohnen-ml.de\/wp-content\/uploads\/2025\/06\/img31.jpg\" data-elementor-open-lightbox=\"yes\" data-elementor-lightbox-slideshow=\"fab7383\" data-e-action-hash=\"#elementor-action%3Aaction%3Dlightbox%26settings%3DeyJpZCI6MjA1OSwidXJsIjoiaHR0cHM6XC9cL3Byb3dvaG5lbi1tbC5kZVwvd3AtY29udGVudFwvdXBsb2Fkc1wvMjAyNVwvMDZcL2ltZzMxLmpwZyIsInNsaWRlc2hvdyI6ImZhYjczODMifQ%3D%3D\">\n\t\t\t\t\t<div class=\"e-gallery-image elementor-gallery-item__image\" data-thumbnail=\"https:\/\/prowohnen-ml.de\/wp-content\/uploads\/2025\/06\/img31-768x512.jpg\" data-width=\"768\" data-height=\"512\" aria-label=\"\" role=\"img\" ><\/div>\n\t\t\t\t\t\t\t\t\t\t\t<div class=\"elementor-gallery-item__overlay\"><\/div>\n\t\t\t\t\t\t\t\t\t\t\t\t\t\t<\/a>\n\t\t\t\t\t\t\t<a class=\"e-gallery-item elementor-gallery-item elementor-animated-content\" href=\"https:\/\/prowohnen-ml.de\/wp-content\/uploads\/2025\/06\/img35.jpg\" data-elementor-open-lightbox=\"yes\" data-elementor-lightbox-slideshow=\"fab7383\" data-e-action-hash=\"#elementor-action%3Aaction%3Dlightbox%26settings%3DeyJpZCI6MjA2MCwidXJsIjoiaHR0cHM6XC9cL3Byb3dvaG5lbi1tbC5kZVwvd3AtY29udGVudFwvdXBsb2Fkc1wvMjAyNVwvMDZcL2ltZzM1LmpwZyIsInNsaWRlc2hvdyI6ImZhYjczODMifQ%3D%3D\">\n\t\t\t\t\t<div class=\"e-gallery-image elementor-gallery-item__image\" data-thumbnail=\"https:\/\/prowohnen-ml.de\/wp-content\/uploads\/2025\/06\/img35-768x530.jpg\" data-width=\"768\" data-height=\"530\" aria-label=\"\" role=\"img\" ><\/div>\n\t\t\t\t\t\t\t\t\t\t\t<div class=\"elementor-gallery-item__overlay\"><\/div>\n\t\t\t\t\t\t\t\t\t\t\t\t\t\t<\/a>\n\t\t\t\t\t\t\t<a class=\"e-gallery-item elementor-gallery-item elementor-animated-content\" href=\"https:\/\/prowohnen-ml.de\/wp-content\/uploads\/2025\/06\/img36.jpg\" data-elementor-open-lightbox=\"yes\" data-elementor-lightbox-slideshow=\"fab7383\" data-e-action-hash=\"#elementor-action%3Aaction%3Dlightbox%26settings%3DeyJpZCI6MjA2MSwidXJsIjoiaHR0cHM6XC9cL3Byb3dvaG5lbi1tbC5kZVwvd3AtY29udGVudFwvdXBsb2Fkc1wvMjAyNVwvMDZcL2ltZzM2LmpwZyIsInNsaWRlc2hvdyI6ImZhYjczODMifQ%3D%3D\">\n\t\t\t\t\t<div class=\"e-gallery-image elementor-gallery-item__image\" data-thumbnail=\"https:\/\/prowohnen-ml.de\/wp-content\/uploads\/2025\/06\/img36-768x549.jpg\" data-width=\"768\" data-height=\"549\" aria-label=\"\" role=\"img\" ><\/div>\n\t\t\t\t\t\t\t\t\t\t\t<div class=\"elementor-gallery-item__overlay\"><\/div>\n\t\t\t\t\t\t\t\t\t\t\t\t\t\t<\/a>\n\t\t\t\t\t\t\t<a class=\"e-gallery-item elementor-gallery-item elementor-animated-content\" href=\"https:\/\/prowohnen-ml.de\/wp-content\/uploads\/2025\/06\/img37.jpg\" data-elementor-open-lightbox=\"yes\" data-elementor-lightbox-slideshow=\"fab7383\" data-e-action-hash=\"#elementor-action%3Aaction%3Dlightbox%26settings%3DeyJpZCI6MjA2MiwidXJsIjoiaHR0cHM6XC9cL3Byb3dvaG5lbi1tbC5kZVwvd3AtY29udGVudFwvdXBsb2Fkc1wvMjAyNVwvMDZcL2ltZzM3LmpwZyIsInNsaWRlc2hvdyI6ImZhYjczODMifQ%3D%3D\">\n\t\t\t\t\t<div class=\"e-gallery-image elementor-gallery-item__image\" data-thumbnail=\"https:\/\/prowohnen-ml.de\/wp-content\/uploads\/2025\/06\/img37-768x452.jpg\" data-width=\"768\" data-height=\"452\" aria-label=\"\" role=\"img\" ><\/div>\n\t\t\t\t\t\t\t\t\t\t\t<div class=\"elementor-gallery-item__overlay\"><\/div>\n\t\t\t\t\t\t\t\t\t\t\t\t\t\t<\/a>\n\t\t\t\t\t\t\t<a class=\"e-gallery-item elementor-gallery-item elementor-animated-content\" href=\"https:\/\/prowohnen-ml.de\/wp-content\/uploads\/2025\/06\/img38.jpg\" data-elementor-open-lightbox=\"yes\" data-elementor-lightbox-slideshow=\"fab7383\" data-e-action-hash=\"#elementor-action%3Aaction%3Dlightbox%26settings%3DeyJpZCI6MjA2MywidXJsIjoiaHR0cHM6XC9cL3Byb3dvaG5lbi1tbC5kZVwvd3AtY29udGVudFwvdXBsb2Fkc1wvMjAyNVwvMDZcL2ltZzM4LmpwZyIsInNsaWRlc2hvdyI6ImZhYjczODMifQ%3D%3D\">\n\t\t\t\t\t<div class=\"e-gallery-image elementor-gallery-item__image\" data-thumbnail=\"https:\/\/prowohnen-ml.de\/wp-content\/uploads\/2025\/06\/img38-768x512.jpg\" data-width=\"768\" data-height=\"512\" aria-label=\"\" role=\"img\" ><\/div>\n\t\t\t\t\t\t\t\t\t\t\t<div class=\"elementor-gallery-item__overlay\"><\/div>\n\t\t\t\t\t\t\t\t\t\t\t\t\t\t<\/a>\n\t\t\t\t\t\t\t<a class=\"e-gallery-item elementor-gallery-item elementor-animated-content\" href=\"https:\/\/prowohnen-ml.de\/wp-content\/uploads\/2025\/06\/img39.jpg\" data-elementor-open-lightbox=\"yes\" data-elementor-lightbox-slideshow=\"fab7383\" data-e-action-hash=\"#elementor-action%3Aaction%3Dlightbox%26settings%3DeyJpZCI6MjA2NCwidXJsIjoiaHR0cHM6XC9cL3Byb3dvaG5lbi1tbC5kZVwvd3AtY29udGVudFwvdXBsb2Fkc1wvMjAyNVwvMDZcL2ltZzM5LmpwZyIsInNsaWRlc2hvdyI6ImZhYjczODMifQ%3D%3D\">\n\t\t\t\t\t<div class=\"e-gallery-image elementor-gallery-item__image\" data-thumbnail=\"https:\/\/prowohnen-ml.de\/wp-content\/uploads\/2025\/06\/img39-768x499.jpg\" data-width=\"768\" data-height=\"499\" aria-label=\"\" role=\"img\" ><\/div>\n\t\t\t\t\t\t\t\t\t\t\t<div class=\"elementor-gallery-item__overlay\"><\/div>\n\t\t\t\t\t\t\t\t\t\t\t\t\t\t<\/a>\n\t\t\t\t\t\t\t<a class=\"e-gallery-item elementor-gallery-item elementor-animated-content\" href=\"https:\/\/prowohnen-ml.de\/wp-content\/uploads\/2025\/06\/img40.jpg\" data-elementor-open-lightbox=\"yes\" data-elementor-lightbox-slideshow=\"fab7383\" data-e-action-hash=\"#elementor-action%3Aaction%3Dlightbox%26settings%3DeyJpZCI6MjA2NSwidXJsIjoiaHR0cHM6XC9cL3Byb3dvaG5lbi1tbC5kZVwvd3AtY29udGVudFwvdXBsb2Fkc1wvMjAyNVwvMDZcL2ltZzQwLmpwZyIsInNsaWRlc2hvdyI6ImZhYjczODMifQ%3D%3D\">\n\t\t\t\t\t<div class=\"e-gallery-image elementor-gallery-item__image\" data-thumbnail=\"https:\/\/prowohnen-ml.de\/wp-content\/uploads\/2025\/06\/img40-768x509.jpg\" data-width=\"768\" data-height=\"509\" aria-label=\"\" role=\"img\" ><\/div>\n\t\t\t\t\t\t\t\t\t\t\t<div class=\"elementor-gallery-item__overlay\"><\/div>\n\t\t\t\t\t\t\t\t\t\t\t\t\t\t<\/a>\n\t\t\t\t\t\t\t<a class=\"e-gallery-item elementor-gallery-item elementor-animated-content\" href=\"https:\/\/prowohnen-ml.de\/wp-content\/uploads\/2025\/06\/img44.jpg\" data-elementor-open-lightbox=\"yes\" data-elementor-lightbox-slideshow=\"fab7383\" data-e-action-hash=\"#elementor-action%3Aaction%3Dlightbox%26settings%3DeyJpZCI6MjA2NiwidXJsIjoiaHR0cHM6XC9cL3Byb3dvaG5lbi1tbC5kZVwvd3AtY29udGVudFwvdXBsb2Fkc1wvMjAyNVwvMDZcL2ltZzQ0LmpwZyIsInNsaWRlc2hvdyI6ImZhYjczODMifQ%3D%3D\">\n\t\t\t\t\t<div class=\"e-gallery-image elementor-gallery-item__image\" data-thumbnail=\"https:\/\/prowohnen-ml.de\/wp-content\/uploads\/2025\/06\/img44-768x497.jpg\" data-width=\"768\" data-height=\"497\" aria-label=\"\" role=\"img\" ><\/div>\n\t\t\t\t\t\t\t\t\t\t\t<div class=\"elementor-gallery-item__overlay\"><\/div>\n\t\t\t\t\t\t\t\t\t\t\t\t\t\t<\/a>\n\t\t\t\t\t\t\t<a class=\"e-gallery-item elementor-gallery-item elementor-animated-content\" href=\"https:\/\/prowohnen-ml.de\/wp-content\/uploads\/2025\/06\/img45.jpg\" data-elementor-open-lightbox=\"yes\" data-elementor-lightbox-slideshow=\"fab7383\" data-e-action-hash=\"#elementor-action%3Aaction%3Dlightbox%26settings%3DeyJpZCI6MjA2NywidXJsIjoiaHR0cHM6XC9cL3Byb3dvaG5lbi1tbC5kZVwvd3AtY29udGVudFwvdXBsb2Fkc1wvMjAyNVwvMDZcL2ltZzQ1LmpwZyIsInNsaWRlc2hvdyI6ImZhYjczODMifQ%3D%3D\">\n\t\t\t\t\t<div class=\"e-gallery-image elementor-gallery-item__image\" data-thumbnail=\"https:\/\/prowohnen-ml.de\/wp-content\/uploads\/2025\/06\/img45-768x538.jpg\" data-width=\"768\" data-height=\"538\" aria-label=\"\" role=\"img\" ><\/div>\n\t\t\t\t\t\t\t\t\t\t\t<div class=\"elementor-gallery-item__overlay\"><\/div>\n\t\t\t\t\t\t\t\t\t\t\t\t\t\t<\/a>\n\t\t\t\t\t\t\t<a class=\"e-gallery-item elementor-gallery-item elementor-animated-content\" href=\"https:\/\/prowohnen-ml.de\/wp-content\/uploads\/2025\/06\/img46.jpg\" data-elementor-open-lightbox=\"yes\" data-elementor-lightbox-slideshow=\"fab7383\" data-e-action-hash=\"#elementor-action%3Aaction%3Dlightbox%26settings%3DeyJpZCI6MjA2OCwidXJsIjoiaHR0cHM6XC9cL3Byb3dvaG5lbi1tbC5kZVwvd3AtY29udGVudFwvdXBsb2Fkc1wvMjAyNVwvMDZcL2ltZzQ2LmpwZyIsInNsaWRlc2hvdyI6ImZhYjczODMifQ%3D%3D\">\n\t\t\t\t\t<div class=\"e-gallery-image elementor-gallery-item__image\" data-thumbnail=\"https:\/\/prowohnen-ml.de\/wp-content\/uploads\/2025\/06\/img46-768x461.jpg\" data-width=\"768\" data-height=\"461\" aria-label=\"\" role=\"img\" ><\/div>\n\t\t\t\t\t\t\t\t\t\t\t<div class=\"elementor-gallery-item__overlay\"><\/div>\n\t\t\t\t\t\t\t\t\t\t\t\t\t\t<\/a>\n\t\t\t\t\t\t\t<a class=\"e-gallery-item elementor-gallery-item elementor-animated-content\" href=\"https:\/\/prowohnen-ml.de\/wp-content\/uploads\/2025\/06\/img47.jpg\" data-elementor-open-lightbox=\"yes\" data-elementor-lightbox-slideshow=\"fab7383\" data-e-action-hash=\"#elementor-action%3Aaction%3Dlightbox%26settings%3DeyJpZCI6MjA2OSwidXJsIjoiaHR0cHM6XC9cL3Byb3dvaG5lbi1tbC5kZVwvd3AtY29udGVudFwvdXBsb2Fkc1wvMjAyNVwvMDZcL2ltZzQ3LmpwZyIsInNsaWRlc2hvdyI6ImZhYjczODMifQ%3D%3D\">\n\t\t\t\t\t<div class=\"e-gallery-image elementor-gallery-item__image\" data-thumbnail=\"https:\/\/prowohnen-ml.de\/wp-content\/uploads\/2025\/06\/img47-768x509.jpg\" data-width=\"768\" data-height=\"509\" aria-label=\"\" role=\"img\" ><\/div>\n\t\t\t\t\t\t\t\t\t\t\t<div class=\"elementor-gallery-item__overlay\"><\/div>\n\t\t\t\t\t\t\t\t\t\t\t\t\t\t<\/a>\n\t\t\t\t\t\t\t<a class=\"e-gallery-item elementor-gallery-item elementor-animated-content\" href=\"https:\/\/prowohnen-ml.de\/wp-content\/uploads\/2025\/06\/img50.jpg\" data-elementor-open-lightbox=\"yes\" data-elementor-lightbox-slideshow=\"fab7383\" data-e-action-hash=\"#elementor-action%3Aaction%3Dlightbox%26settings%3DeyJpZCI6MjA3MCwidXJsIjoiaHR0cHM6XC9cL3Byb3dvaG5lbi1tbC5kZVwvd3AtY29udGVudFwvdXBsb2Fkc1wvMjAyNVwvMDZcL2ltZzUwLmpwZyIsInNsaWRlc2hvdyI6ImZhYjczODMifQ%3D%3D\">\n\t\t\t\t\t<div class=\"e-gallery-image elementor-gallery-item__image\" data-thumbnail=\"https:\/\/prowohnen-ml.de\/wp-content\/uploads\/2025\/06\/img50-768x576.jpg\" data-width=\"768\" data-height=\"576\" aria-label=\"\" role=\"img\" ><\/div>\n\t\t\t\t\t\t\t\t\t\t\t<div class=\"elementor-gallery-item__overlay\"><\/div>\n\t\t\t\t\t\t\t\t\t\t\t\t\t\t<\/a>\n\t\t\t\t\t\t\t<a class=\"e-gallery-item elementor-gallery-item elementor-animated-content\" href=\"https:\/\/prowohnen-ml.de\/wp-content\/uploads\/2025\/06\/img51.jpg\" data-elementor-open-lightbox=\"yes\" data-elementor-lightbox-slideshow=\"fab7383\" data-e-action-hash=\"#elementor-action%3Aaction%3Dlightbox%26settings%3DeyJpZCI6MjA3MSwidXJsIjoiaHR0cHM6XC9cL3Byb3dvaG5lbi1tbC5kZVwvd3AtY29udGVudFwvdXBsb2Fkc1wvMjAyNVwvMDZcL2ltZzUxLmpwZyIsInNsaWRlc2hvdyI6ImZhYjczODMifQ%3D%3D\">\n\t\t\t\t\t<div class=\"e-gallery-image elementor-gallery-item__image\" data-thumbnail=\"https:\/\/prowohnen-ml.de\/wp-content\/uploads\/2025\/06\/img51-768x512.jpg\" data-width=\"768\" data-height=\"512\" aria-label=\"\" role=\"img\" ><\/div>\n\t\t\t\t\t\t\t\t\t\t\t<div class=\"elementor-gallery-item__overlay\"><\/div>\n\t\t\t\t\t\t\t\t\t\t\t\t\t\t<\/a>\n\t\t\t\t\t\t\t<a class=\"e-gallery-item elementor-gallery-item elementor-animated-content\" href=\"https:\/\/prowohnen-ml.de\/wp-content\/uploads\/2025\/06\/img60.jpg\" data-elementor-open-lightbox=\"yes\" data-elementor-lightbox-slideshow=\"fab7383\" data-e-action-hash=\"#elementor-action%3Aaction%3Dlightbox%26settings%3DeyJpZCI6MjA3NywidXJsIjoiaHR0cHM6XC9cL3Byb3dvaG5lbi1tbC5kZVwvd3AtY29udGVudFwvdXBsb2Fkc1wvMjAyNVwvMDZcL2ltZzYwLmpwZyIsInNsaWRlc2hvdyI6ImZhYjczODMifQ%3D%3D\">\n\t\t\t\t\t<div class=\"e-gallery-image elementor-gallery-item__image\" data-thumbnail=\"https:\/\/prowohnen-ml.de\/wp-content\/uploads\/2025\/06\/img60-768x512.jpg\" data-width=\"768\" data-height=\"512\" aria-label=\"\" role=\"img\" ><\/div>\n\t\t\t\t\t\t\t\t\t\t\t<div class=\"elementor-gallery-item__overlay\"><\/div>\n\t\t\t\t\t\t\t\t\t\t\t\t\t\t<\/a>\n\t\t\t\t\t\t\t<a class=\"e-gallery-item elementor-gallery-item elementor-animated-content\" href=\"https:\/\/prowohnen-ml.de\/wp-content\/uploads\/2025\/06\/img59.jpg\" data-elementor-open-lightbox=\"yes\" data-elementor-lightbox-slideshow=\"fab7383\" data-e-action-hash=\"#elementor-action%3Aaction%3Dlightbox%26settings%3DeyJpZCI6MjA3NiwidXJsIjoiaHR0cHM6XC9cL3Byb3dvaG5lbi1tbC5kZVwvd3AtY29udGVudFwvdXBsb2Fkc1wvMjAyNVwvMDZcL2ltZzU5LmpwZyIsInNsaWRlc2hvdyI6ImZhYjczODMifQ%3D%3D\">\n\t\t\t\t\t<div class=\"e-gallery-image elementor-gallery-item__image\" data-thumbnail=\"https:\/\/prowohnen-ml.de\/wp-content\/uploads\/2025\/06\/img59-768x512.jpg\" data-width=\"768\" data-height=\"512\" aria-label=\"\" role=\"img\" ><\/div>\n\t\t\t\t\t\t\t\t\t\t\t<div class=\"elementor-gallery-item__overlay\"><\/div>\n\t\t\t\t\t\t\t\t\t\t\t\t\t\t<\/a>\n\t\t\t\t\t\t\t<a class=\"e-gallery-item elementor-gallery-item elementor-animated-content\" href=\"https:\/\/prowohnen-ml.de\/wp-content\/uploads\/2025\/06\/img58.jpg\" data-elementor-open-lightbox=\"yes\" data-elementor-lightbox-slideshow=\"fab7383\" data-e-action-hash=\"#elementor-action%3Aaction%3Dlightbox%26settings%3DeyJpZCI6MjA3NSwidXJsIjoiaHR0cHM6XC9cL3Byb3dvaG5lbi1tbC5kZVwvd3AtY29udGVudFwvdXBsb2Fkc1wvMjAyNVwvMDZcL2ltZzU4LmpwZyIsInNsaWRlc2hvdyI6ImZhYjczODMifQ%3D%3D\">\n\t\t\t\t\t<div class=\"e-gallery-image elementor-gallery-item__image\" data-thumbnail=\"https:\/\/prowohnen-ml.de\/wp-content\/uploads\/2025\/06\/img58-768x512.jpg\" data-width=\"768\" data-height=\"512\" aria-label=\"\" role=\"img\" ><\/div>\n\t\t\t\t\t\t\t\t\t\t\t<div class=\"elementor-gallery-item__overlay\"><\/div>\n\t\t\t\t\t\t\t\t\t\t\t\t\t\t<\/a>\n\t\t\t\t\t\t\t<a class=\"e-gallery-item elementor-gallery-item elementor-animated-content\" href=\"https:\/\/prowohnen-ml.de\/wp-content\/uploads\/2025\/06\/img57.jpg\" data-elementor-open-lightbox=\"yes\" data-elementor-lightbox-slideshow=\"fab7383\" data-e-action-hash=\"#elementor-action%3Aaction%3Dlightbox%26settings%3DeyJpZCI6MjA3NCwidXJsIjoiaHR0cHM6XC9cL3Byb3dvaG5lbi1tbC5kZVwvd3AtY29udGVudFwvdXBsb2Fkc1wvMjAyNVwvMDZcL2ltZzU3LmpwZyIsInNsaWRlc2hvdyI6ImZhYjczODMifQ%3D%3D\">\n\t\t\t\t\t<div class=\"e-gallery-image elementor-gallery-item__image\" data-thumbnail=\"https:\/\/prowohnen-ml.de\/wp-content\/uploads\/2025\/06\/img57-768x515.jpg\" data-width=\"768\" data-height=\"515\" aria-label=\"\" role=\"img\" ><\/div>\n\t\t\t\t\t\t\t\t\t\t\t<div class=\"elementor-gallery-item__overlay\"><\/div>\n\t\t\t\t\t\t\t\t\t\t\t\t\t\t<\/a>\n\t\t\t\t\t\t\t<a class=\"e-gallery-item elementor-gallery-item elementor-animated-content\" href=\"https:\/\/prowohnen-ml.de\/wp-content\/uploads\/2025\/06\/img56.jpg\" data-elementor-open-lightbox=\"yes\" data-elementor-lightbox-slideshow=\"fab7383\" data-e-action-hash=\"#elementor-action%3Aaction%3Dlightbox%26settings%3DeyJpZCI6MjA3MywidXJsIjoiaHR0cHM6XC9cL3Byb3dvaG5lbi1tbC5kZVwvd3AtY29udGVudFwvdXBsb2Fkc1wvMjAyNVwvMDZcL2ltZzU2LmpwZyIsInNsaWRlc2hvdyI6ImZhYjczODMifQ%3D%3D\">\n\t\t\t\t\t<div class=\"e-gallery-image elementor-gallery-item__image\" data-thumbnail=\"https:\/\/prowohnen-ml.de\/wp-content\/uploads\/2025\/06\/img56-768x432.jpg\" data-width=\"768\" data-height=\"432\" aria-label=\"\" role=\"img\" ><\/div>\n\t\t\t\t\t\t\t\t\t\t\t<div class=\"elementor-gallery-item__overlay\"><\/div>\n\t\t\t\t\t\t\t\t\t\t\t\t\t\t<\/a>\n\t\t\t\t\t\t\t<a class=\"e-gallery-item elementor-gallery-item elementor-animated-content\" href=\"https:\/\/prowohnen-ml.de\/wp-content\/uploads\/2025\/06\/img55.jpg\" data-elementor-open-lightbox=\"yes\" data-elementor-lightbox-slideshow=\"fab7383\" data-e-action-hash=\"#elementor-action%3Aaction%3Dlightbox%26settings%3DeyJpZCI6MjA3MiwidXJsIjoiaHR0cHM6XC9cL3Byb3dvaG5lbi1tbC5kZVwvd3AtY29udGVudFwvdXBsb2Fkc1wvMjAyNVwvMDZcL2ltZzU1LmpwZyIsInNsaWRlc2hvdyI6ImZhYjczODMifQ%3D%3D\">\n\t\t\t\t\t<div class=\"e-gallery-image elementor-gallery-item__image\" data-thumbnail=\"https:\/\/prowohnen-ml.de\/wp-content\/uploads\/2025\/06\/img55-768x512.jpg\" data-width=\"768\" data-height=\"512\" aria-label=\"\" role=\"img\" ><\/div>\n\t\t\t\t\t\t\t\t\t\t\t<div class=\"elementor-gallery-item__overlay\"><\/div>\n\t\t\t\t\t\t\t\t\t\t\t\t\t\t<\/a>\n\t\t\t\t\t<\/div>\n\t\t\t\t\t<\/div>\n\t\t\t\t<\/div>\n\t\t\t\t\t<\/div>\n\t\t<\/div>\n\t\t\t\t\t<\/div>\n\t\t<\/section>\n\t\t\t\t<section class=\"elementor-section elementor-top-section elementor-element elementor-element-c84d692 elementor-section-boxed elementor-section-height-default elementor-section-height-default\" data-id=\"c84d692\" data-element_type=\"section\" data-e-type=\"section\" id=\"Obernau\">\n\t\t\t\t\t\t<div class=\"elementor-container elementor-column-gap-default\">\n\t\t\t\t\t<div class=\"elementor-column elementor-col-100 elementor-top-column elementor-element elementor-element-76c9216\" data-id=\"76c9216\" data-element_type=\"column\" data-e-type=\"column\">\n\t\t\t<div class=\"elementor-widget-wrap elementor-element-populated\">\n\t\t\t\t\t\t<div class=\"elementor-element elementor-element-ffc9d88 elementor-widget-divider--view-line elementor-widget elementor-widget-divider\" data-id=\"ffc9d88\" data-element_type=\"widget\" data-e-type=\"widget\" data-widget_type=\"divider.default\">\n\t\t\t\t<div class=\"elementor-widget-container\">\n\t\t\t\t\t\t\t<div class=\"elementor-divider\">\n\t\t\t<span class=\"elementor-divider-separator\">\n\t\t\t\t\t\t<\/span>\n\t\t<\/div>\n\t\t\t\t\t\t<\/div>\n\t\t\t\t<\/div>\n\t\t\t\t\t<\/div>\n\t\t<\/div>\n\t\t\t\t\t<\/div>\n\t\t<\/section>\n\t\t\t\t<section class=\"elementor-section elementor-top-section elementor-element elementor-element-7a5a388 elementor-section-boxed elementor-section-height-default elementor-section-height-default\" data-id=\"7a5a388\" data-element_type=\"section\" data-e-type=\"section\">\n\t\t\t\t\t\t<div class=\"elementor-container elementor-column-gap-default\">\n\t\t\t\t\t<div class=\"elementor-column elementor-col-100 elementor-top-column elementor-element elementor-element-397b060\" data-id=\"397b060\" data-element_type=\"column\" data-e-type=\"column\">\n\t\t\t<div class=\"elementor-widget-wrap elementor-element-populated\">\n\t\t\t\t\t\t<div class=\"elementor-element elementor-element-2bb288d elementor-widget elementor-widget-heading\" data-id=\"2bb288d\" data-element_type=\"widget\" data-e-type=\"widget\" data-widget_type=\"heading.default\">\n\t\t\t\t<div class=\"elementor-widget-container\">\n\t\t\t\t\t<h2 class=\"elementor-heading-title elementor-size-default\">Neunfamilienhaus Obernau<\/h2>\t\t\t\t<\/div>\n\t\t\t\t<\/div>\n\t\t\t\t<div class=\"elementor-element elementor-element-0c88203 elementor-widget elementor-widget-image\" data-id=\"0c88203\" data-element_type=\"widget\" data-e-type=\"widget\" data-widget_type=\"image.default\">\n\t\t\t\t<div class=\"elementor-widget-container\">\n\t\t\t\t\t\t\t\t\t\t\t\t\t\t\t<img loading=\"lazy\" decoding=\"async\" width=\"1024\" height=\"576\" src=\"https:\/\/prowohnen-ml.de\/wp-content\/uploads\/2024\/07\/Visualisierung-Brucknerstr.-2-AB-1024x576.png\" class=\"attachment-large size-large wp-image-1459\" alt=\"\" srcset=\"https:\/\/prowohnen-ml.de\/wp-content\/uploads\/2024\/07\/Visualisierung-Brucknerstr.-2-AB-1024x576.png 1024w, https:\/\/prowohnen-ml.de\/wp-content\/uploads\/2024\/07\/Visualisierung-Brucknerstr.-2-AB-300x169.png 300w, https:\/\/prowohnen-ml.de\/wp-content\/uploads\/2024\/07\/Visualisierung-Brucknerstr.-2-AB-768x432.png 768w, https:\/\/prowohnen-ml.de\/wp-content\/uploads\/2024\/07\/Visualisierung-Brucknerstr.-2-AB-1536x864.png 1536w, https:\/\/prowohnen-ml.de\/wp-content\/uploads\/2024\/07\/Visualisierung-Brucknerstr.-2-AB-1320x743.png 1320w, https:\/\/prowohnen-ml.de\/wp-content\/uploads\/2024\/07\/Visualisierung-Brucknerstr.-2-AB.png 1920w\" sizes=\"(max-width: 1024px) 100vw, 1024px\" title=\"\">\t\t\t\t\t\t\t\t\t\t\t\t\t\t\t<\/div>\n\t\t\t\t<\/div>\n\t\t\t\t<div class=\"elementor-element elementor-element-c1f193c elementor-widget elementor-widget-heading\" data-id=\"c1f193c\" data-element_type=\"widget\" data-e-type=\"widget\" data-widget_type=\"heading.default\">\n\t\t\t\t<div class=\"elementor-widget-container\">\n\t\t\t\t\t<h2 class=\"elementor-heading-title elementor-size-default\">Informationen zum Projekt\n<\/h2>\t\t\t\t<\/div>\n\t\t\t\t<\/div>\n\t\t\t\t<div class=\"elementor-element elementor-element-67e0375 elementor-widget elementor-widget-text-editor\" data-id=\"67e0375\" data-element_type=\"widget\" data-e-type=\"widget\" data-widget_type=\"text-editor.default\">\n\t\t\t\t<div class=\"elementor-widget-container\">\n\t\t\t\t\t\t\t\t\t<p class=\"x_MsoNormal\">In Aschaffenburg Obernau entstehen 9 hochwertige barrierefreie Eigentumswohnungen.<\/p><p class=\"x_MsoNormal\">Es gibt modern zugeschnittene 2-3 Zimmer Wohnungen. <br \/>Zus\u00e4tzlich sind die Wohnungen ausgestattet mit: <strong>HWR,\u00a0 G\u00e4ste WC, Kellerraum, Fahrradraum und Stellplatz.<\/strong><br \/>Die Wohnungen im EG verf\u00fcgen \u00fcber eine <strong>Terrasse mit Gartenanteil und im OG und DG \u00fcber einen Balkon.<\/strong> <br \/>Ein Aufzug und eine PV Anlage sind vorhanden.<\/p><p class=\"x_MsoNormal\"><strong>Sprechen Sie uns an, wir beraten Sie gerne<\/strong><\/p>\t\t\t\t\t\t\t\t<\/div>\n\t\t\t\t<\/div>\n\t\t\t\t\t<\/div>\n\t\t<\/div>\n\t\t\t\t\t<\/div>\n\t\t<\/section>\n\t\t\t\t<section class=\"elementor-section elementor-top-section elementor-element elementor-element-bb5987b elementor-section-boxed elementor-section-height-default elementor-section-height-default\" data-id=\"bb5987b\" data-element_type=\"section\" data-e-type=\"section\">\n\t\t\t\t\t\t<div class=\"elementor-container elementor-column-gap-default\">\n\t\t\t\t\t<div class=\"elementor-column elementor-col-100 elementor-top-column elementor-element elementor-element-a53303f\" data-id=\"a53303f\" data-element_type=\"column\" data-e-type=\"column\">\n\t\t\t<div class=\"elementor-widget-wrap elementor-element-populated\">\n\t\t\t\t\t\t<div class=\"elementor-element elementor-element-48dbf4a elementor-widget-divider--view-line elementor-widget elementor-widget-divider\" data-id=\"48dbf4a\" data-element_type=\"widget\" data-e-type=\"widget\" data-widget_type=\"divider.default\">\n\t\t\t\t<div class=\"elementor-widget-container\">\n\t\t\t\t\t\t\t<div class=\"elementor-divider\">\n\t\t\t<span class=\"elementor-divider-separator\">\n\t\t\t\t\t\t<\/span>\n\t\t<\/div>\n\t\t\t\t\t\t<\/div>\n\t\t\t\t<\/div>\n\t\t\t\t\t<\/div>\n\t\t<\/div>\n\t\t\t\t\t<\/div>\n\t\t<\/section>\n\t\t<div class=\"elementor-element elementor-element-e7731d7 e-flex e-con-boxed e-con e-parent\" data-id=\"e7731d7\" data-element_type=\"container\" data-e-type=\"container\">\n\t\t\t\t\t<div class=\"e-con-inner\">\n\t\t\t\t<div class=\"elementor-element elementor-element-c1bd88d elementor-widget elementor-widget-heading\" data-id=\"c1bd88d\" data-element_type=\"widget\" data-e-type=\"widget\" data-widget_type=\"heading.default\">\n\t\t\t\t<div class=\"elementor-widget-container\">\n\t\t\t\t\t<h2 class=\"elementor-heading-title elementor-size-default\">Eschau \u00bbAm M\u00fchlbach\u00ab Bauabschnitt 2<\/h2>\t\t\t\t<\/div>\n\t\t\t\t<\/div>\n\t\t\t\t<div class=\"elementor-element elementor-element-7e9672a elementor-widget elementor-widget-image\" data-id=\"7e9672a\" data-element_type=\"widget\" data-e-type=\"widget\" data-widget_type=\"image.default\">\n\t\t\t\t<div class=\"elementor-widget-container\">\n\t\t\t\t\t\t\t\t\t\t\t\t\t\t\t<img loading=\"lazy\" decoding=\"async\" width=\"1536\" height=\"966\" src=\"https:\/\/prowohnen-ml.de\/wp-content\/uploads\/2025\/02\/projekt_eschau-01-1920w-1536x966.webp\" class=\"attachment-1536x1536 size-1536x1536 wp-image-1764\" alt=\"\" srcset=\"https:\/\/prowohnen-ml.de\/wp-content\/uploads\/2025\/02\/projekt_eschau-01-1920w-1536x966.webp 1536w, https:\/\/prowohnen-ml.de\/wp-content\/uploads\/2025\/02\/projekt_eschau-01-1920w-300x189.webp 300w, https:\/\/prowohnen-ml.de\/wp-content\/uploads\/2025\/02\/projekt_eschau-01-1920w-1024x644.webp 1024w, https:\/\/prowohnen-ml.de\/wp-content\/uploads\/2025\/02\/projekt_eschau-01-1920w-768x483.webp 768w, https:\/\/prowohnen-ml.de\/wp-content\/uploads\/2025\/02\/projekt_eschau-01-1920w-1320x830.webp 1320w, https:\/\/prowohnen-ml.de\/wp-content\/uploads\/2025\/02\/projekt_eschau-01-1920w.webp 1920w\" sizes=\"(max-width: 1536px) 100vw, 1536px\" title=\"\">\t\t\t\t\t\t\t\t\t\t\t\t\t\t\t<\/div>\n\t\t\t\t<\/div>\n\t\t\t\t<div class=\"elementor-element elementor-element-fa6b871 elementor-widget elementor-widget-heading\" data-id=\"fa6b871\" data-element_type=\"widget\" data-e-type=\"widget\" data-widget_type=\"heading.default\">\n\t\t\t\t<div class=\"elementor-widget-container\">\n\t\t\t\t\t<h2 class=\"elementor-heading-title elementor-size-default\">Informationen zum Projekt\n<\/h2>\t\t\t\t<\/div>\n\t\t\t\t<\/div>\n\t\t\t\t<div class=\"elementor-element elementor-element-478c57e elementor-widget elementor-widget-text-editor\" data-id=\"478c57e\" data-element_type=\"widget\" data-e-type=\"widget\" data-widget_type=\"text-editor.default\">\n\t\t\t\t<div class=\"elementor-widget-container\">\n\t\t\t\t\t\t\t\t\t<p class=\"x_x_MsoNormal\">Als Weiterentwicklung des bestehenden Angebotes mit 13 barrierefreien Wohnungen inkl. Gemeinschaftsraum und einer Tagespflege entstehen im zweiten Bauabschnitt des neuen \u201dSeniorenzentrums am M\u00fchlbach\u201d Praxisr\u00e4ume im ersten oder zweiten Obergeschoss. <br \/><strong>Die R\u00e4ume und Praxisgr\u00f6\u00dfe sind zwischen 300 und 660qm gro\u00df und noch variabel einteilbar<\/strong>. Die Praxen sind \u00fcber einen eigenen Aufzug barrierefrei erreichbar.<\/p><p>Weiterhin entstehen in diesem Geb\u00e4ude noch folgende Einrichtungen:<\/p><ul><li><strong>im EG ambulant betreute Wohngemeinschaft f\u00fcr 12 Bewohner*innen zur Miete<\/strong><\/li><li><strong>im Staffelgeschoss barrierefreie Wohnungen<\/strong><\/li><\/ul><p>Im Au\u00dfenbereich entstehen verschiedene barrierefreie Gartenfl\u00e4chen zum Verweilen und wohlf\u00fchlen.<br \/><strong>Ideal w\u00e4re die Praxis geeignet f\u00fcr einen Allgemeinarzt, eine Physiotherapie oder eine Orthop\u00e4die<\/strong>. <br \/>M\u00f6glich w\u00e4ren auch Facharztpraxen.<\/p><p class=\"x_x_MsoNormal\">Sprechen Sie uns an, wir beraten Sie gerne.<\/p>\t\t\t\t\t\t\t\t<\/div>\n\t\t\t\t<\/div>\n\t\t\t\t<div class=\"elementor-element elementor-element-d1cac67 elementor-widget elementor-widget-gallery\" data-id=\"d1cac67\" data-element_type=\"widget\" data-e-type=\"widget\" data-settings=\"{&quot;aspect_ratio&quot;:&quot;1:1&quot;,&quot;columns_mobile&quot;:2,&quot;lazyload&quot;:&quot;yes&quot;,&quot;gallery_layout&quot;:&quot;grid&quot;,&quot;columns&quot;:4,&quot;columns_tablet&quot;:2,&quot;gap&quot;:{&quot;unit&quot;:&quot;px&quot;,&quot;size&quot;:10,&quot;sizes&quot;:[]},&quot;gap_tablet&quot;:{&quot;unit&quot;:&quot;px&quot;,&quot;size&quot;:10,&quot;sizes&quot;:[]},&quot;gap_mobile&quot;:{&quot;unit&quot;:&quot;px&quot;,&quot;size&quot;:10,&quot;sizes&quot;:[]},&quot;link_to&quot;:&quot;file&quot;,&quot;overlay_background&quot;:&quot;yes&quot;,&quot;content_hover_animation&quot;:&quot;fade-in&quot;}\" data-widget_type=\"gallery.default\">\n\t\t\t\t<div class=\"elementor-widget-container\">\n\t\t\t\t\t\t\t<div class=\"elementor-gallery__container\">\n\t\t\t\t\t\t\t<a class=\"e-gallery-item elementor-gallery-item elementor-animated-content\" href=\"https:\/\/prowohnen-ml.de\/wp-content\/uploads\/2025\/02\/Standort.jpeg\" data-elementor-open-lightbox=\"yes\" data-elementor-lightbox-slideshow=\"d1cac67\" data-elementor-lightbox-title=\"Standort\" data-e-action-hash=\"#elementor-action%3Aaction%3Dlightbox%26settings%3DeyJpZCI6MjExOCwidXJsIjoiaHR0cHM6XC9cL3Byb3dvaG5lbi1tbC5kZVwvd3AtY29udGVudFwvdXBsb2Fkc1wvMjAyNVwvMDJcL1N0YW5kb3J0LmpwZWciLCJzbGlkZXNob3ciOiJkMWNhYzY3In0%3D\">\n\t\t\t\t\t<div class=\"e-gallery-image elementor-gallery-item__image\" data-thumbnail=\"https:\/\/prowohnen-ml.de\/wp-content\/uploads\/2025\/02\/Standort-768x855.jpeg\" data-width=\"768\" data-height=\"855\" aria-label=\"\" role=\"img\" ><\/div>\n\t\t\t\t\t\t\t\t\t\t\t<div class=\"elementor-gallery-item__overlay\"><\/div>\n\t\t\t\t\t\t\t\t\t\t\t\t\t\t<\/a>\n\t\t\t\t\t\t\t<a class=\"e-gallery-item elementor-gallery-item elementor-animated-content\" href=\"https:\/\/prowohnen-ml.de\/wp-content\/uploads\/2025\/02\/projekt_eschau-01-1920w.webp\" data-elementor-open-lightbox=\"yes\" data-elementor-lightbox-slideshow=\"d1cac67\" data-elementor-lightbox-title=\"projekt_eschau-01-1920w\" data-e-action-hash=\"#elementor-action%3Aaction%3Dlightbox%26settings%3DeyJpZCI6MTc2NCwidXJsIjoiaHR0cHM6XC9cL3Byb3dvaG5lbi1tbC5kZVwvd3AtY29udGVudFwvdXBsb2Fkc1wvMjAyNVwvMDJcL3Byb2pla3RfZXNjaGF1LTAxLTE5MjB3LndlYnAiLCJzbGlkZXNob3ciOiJkMWNhYzY3In0%3D\">\n\t\t\t\t\t<div class=\"e-gallery-image elementor-gallery-item__image\" data-thumbnail=\"https:\/\/prowohnen-ml.de\/wp-content\/uploads\/2025\/02\/projekt_eschau-01-1920w-768x483.webp\" data-width=\"768\" data-height=\"483\" aria-label=\"\" role=\"img\" ><\/div>\n\t\t\t\t\t\t\t\t\t\t\t<div class=\"elementor-gallery-item__overlay\"><\/div>\n\t\t\t\t\t\t\t\t\t\t\t\t\t\t<\/a>\n\t\t\t\t\t<\/div>\n\t\t\t\t\t<\/div>\n\t\t\t\t<\/div>\n\t\t\t\t\t<\/div>\n\t\t\t\t<\/div>\n\t\t\t\t<section class=\"elementor-section elementor-top-section elementor-element elementor-element-09298ed elementor-section-boxed elementor-section-height-default elementor-section-height-default\" data-id=\"09298ed\" data-element_type=\"section\" data-e-type=\"section\" id=\"Faulbach2\">\n\t\t\t\t\t\t<div class=\"elementor-container elementor-column-gap-default\">\n\t\t\t\t\t<div class=\"elementor-column elementor-col-100 elementor-top-column elementor-element elementor-element-c0aff08\" data-id=\"c0aff08\" data-element_type=\"column\" data-e-type=\"column\">\n\t\t\t<div class=\"elementor-widget-wrap elementor-element-populated\">\n\t\t\t\t\t\t<div class=\"elementor-element elementor-element-ceae7e0 elementor-widget-divider--view-line elementor-widget elementor-widget-divider\" data-id=\"ceae7e0\" data-element_type=\"widget\" data-e-type=\"widget\" data-widget_type=\"divider.default\">\n\t\t\t\t<div class=\"elementor-widget-container\">\n\t\t\t\t\t\t\t<div class=\"elementor-divider\">\n\t\t\t<span class=\"elementor-divider-separator\">\n\t\t\t\t\t\t<\/span>\n\t\t<\/div>\n\t\t\t\t\t\t<\/div>\n\t\t\t\t<\/div>\n\t\t\t\t\t<\/div>\n\t\t<\/div>\n\t\t\t\t\t<\/div>\n\t\t<\/section>\n\t\t\t\t<section class=\"elementor-section elementor-top-section elementor-element elementor-element-b86a7fe elementor-section-boxed elementor-section-height-default elementor-section-height-default\" data-id=\"b86a7fe\" data-element_type=\"section\" data-e-type=\"section\">\n\t\t\t\t\t\t<div class=\"elementor-container elementor-column-gap-default\">\n\t\t\t\t\t<div class=\"elementor-column elementor-col-100 elementor-top-column elementor-element elementor-element-ff520fd\" data-id=\"ff520fd\" data-element_type=\"column\" data-e-type=\"column\">\n\t\t\t<div class=\"elementor-widget-wrap elementor-element-populated\">\n\t\t\t\t\t\t<div class=\"elementor-element elementor-element-335442e elementor-widget elementor-widget-heading\" data-id=\"335442e\" data-element_type=\"widget\" data-e-type=\"widget\" data-widget_type=\"heading.default\">\n\t\t\t\t<div class=\"elementor-widget-container\">\n\t\t\t\t\t<h2 class=\"elementor-heading-title elementor-size-default\">Faulbach Bungalow Servicewohnanlage<\/h2>\t\t\t\t<\/div>\n\t\t\t\t<\/div>\n\t\t\t\t<div class=\"elementor-element elementor-element-2885adc elementor-widget elementor-widget-image\" data-id=\"2885adc\" data-element_type=\"widget\" data-e-type=\"widget\" data-widget_type=\"image.default\">\n\t\t\t\t<div class=\"elementor-widget-container\">\n\t\t\t\t\t\t\t\t\t\t\t\t\t\t\t<img loading=\"lazy\" decoding=\"async\" width=\"1024\" height=\"576\" src=\"https:\/\/prowohnen-ml.de\/wp-content\/uploads\/2023\/02\/Faulbach-3D_10-Photo-1024x576.jpg\" class=\"attachment-large size-large wp-image-987\" alt=\"\" srcset=\"https:\/\/prowohnen-ml.de\/wp-content\/uploads\/2023\/02\/Faulbach-3D_10-Photo-1024x576.jpg 1024w, https:\/\/prowohnen-ml.de\/wp-content\/uploads\/2023\/02\/Faulbach-3D_10-Photo-300x169.jpg 300w, https:\/\/prowohnen-ml.de\/wp-content\/uploads\/2023\/02\/Faulbach-3D_10-Photo-768x432.jpg 768w, https:\/\/prowohnen-ml.de\/wp-content\/uploads\/2023\/02\/Faulbach-3D_10-Photo-1536x864.jpg 1536w, https:\/\/prowohnen-ml.de\/wp-content\/uploads\/2023\/02\/Faulbach-3D_10-Photo-2048x1152.jpg 2048w\" sizes=\"(max-width: 1024px) 100vw, 1024px\" title=\"\">\t\t\t\t\t\t\t\t\t\t\t\t\t\t\t<\/div>\n\t\t\t\t<\/div>\n\t\t\t\t<div class=\"elementor-element elementor-element-01c1b03 elementor-widget elementor-widget-heading\" data-id=\"01c1b03\" data-element_type=\"widget\" data-e-type=\"widget\" data-widget_type=\"heading.default\">\n\t\t\t\t<div class=\"elementor-widget-container\">\n\t\t\t\t\t<h2 class=\"elementor-heading-title elementor-size-default\">Informationen zum Projekt\n<\/h2>\t\t\t\t<\/div>\n\t\t\t\t<\/div>\n\t\t\t\t<div class=\"elementor-element elementor-element-6b60bc8 elementor-widget elementor-widget-text-editor\" data-id=\"6b60bc8\" data-element_type=\"widget\" data-e-type=\"widget\" data-widget_type=\"text-editor.default\">\n\t\t\t\t<div class=\"elementor-widget-container\">\n\t\t\t\t\t\t\t\t\t<p>Hier soll ein \u201eLebensraum zum \u00c4lter werden\u201c entstehen. Service-Wohnen mit ca. 12 Wohneinheiten und eine station\u00e4re Pflegeeinrichtung nach dem Wohngruppenkonzept.<\/p><p>Mit dem Investor und Betreiber der station\u00e4ren Einrichtung wurden die Planungen entwickelt und befinden sich derzeit in der Genehmigungsphase.<br \/>Interessenten f\u00fcr die 12 Bungalow-Einheiten k\u00f6nnen sich bereits vormerken lassen. Wir freuen uns auf Ihren Anruf.<\/p><p>Der Baustart ist erfolgt.<\/p>\t\t\t\t\t\t\t\t<\/div>\n\t\t\t\t<\/div>\n\t\t\t\t<div class=\"elementor-element elementor-element-8c4a77c elementor-widget elementor-widget-video\" data-id=\"8c4a77c\" data-element_type=\"widget\" data-e-type=\"widget\" data-settings=\"{&quot;video_type&quot;:&quot;hosted&quot;,&quot;controls&quot;:&quot;yes&quot;}\" data-widget_type=\"video.default\">\n\t\t\t\t<div class=\"elementor-widget-container\">\n\t\t\t\t\t\t\t<div class=\"e-hosted-video elementor-wrapper elementor-open-inline\">\n\t\t\t\t\t<video class=\"elementor-video\" src=\"https:\/\/prowohnen-ml.de\/wp-content\/uploads\/2023\/03\/2022-06-15-Projektfilm-Teaser-Faulbach-Bitrate-2.mp4\" controls=\"\" preload=\"metadata\" controlsList=\"nodownload\"><\/video>\n\t\t\t\t<\/div>\n\t\t\t\t\t\t<\/div>\n\t\t\t\t<\/div>\n\t\t\t\t<div class=\"elementor-element elementor-element-e84d321 elementor-widget elementor-widget-gallery\" data-id=\"e84d321\" data-element_type=\"widget\" data-e-type=\"widget\" data-settings=\"{&quot;aspect_ratio&quot;:&quot;1:1&quot;,&quot;columns_mobile&quot;:2,&quot;lazyload&quot;:&quot;yes&quot;,&quot;gallery_layout&quot;:&quot;grid&quot;,&quot;columns&quot;:4,&quot;columns_tablet&quot;:2,&quot;gap&quot;:{&quot;unit&quot;:&quot;px&quot;,&quot;size&quot;:10,&quot;sizes&quot;:[]},&quot;gap_tablet&quot;:{&quot;unit&quot;:&quot;px&quot;,&quot;size&quot;:10,&quot;sizes&quot;:[]},&quot;gap_mobile&quot;:{&quot;unit&quot;:&quot;px&quot;,&quot;size&quot;:10,&quot;sizes&quot;:[]},&quot;link_to&quot;:&quot;file&quot;,&quot;overlay_background&quot;:&quot;yes&quot;,&quot;content_hover_animation&quot;:&quot;fade-in&quot;}\" data-widget_type=\"gallery.default\">\n\t\t\t\t<div class=\"elementor-widget-container\">\n\t\t\t\t\t\t\t<div class=\"elementor-gallery__container\">\n\t\t\t\t\t\t\t<a class=\"e-gallery-item elementor-gallery-item elementor-animated-content\" href=\"https:\/\/prowohnen-ml.de\/wp-content\/uploads\/2024\/07\/1722355961915-scaled.jpg\" data-elementor-open-lightbox=\"yes\" data-elementor-lightbox-slideshow=\"e84d321\" data-elementor-lightbox-title=\"1722355961915\" data-e-action-hash=\"#elementor-action%3Aaction%3Dlightbox%26settings%3DeyJpZCI6MTQ5OCwidXJsIjoiaHR0cHM6XC9cL3Byb3dvaG5lbi1tbC5kZVwvd3AtY29udGVudFwvdXBsb2Fkc1wvMjAyNFwvMDdcLzE3MjIzNTU5NjE5MTUtc2NhbGVkLmpwZyIsInNsaWRlc2hvdyI6ImU4NGQzMjEifQ%3D%3D\">\n\t\t\t\t\t<div class=\"e-gallery-image elementor-gallery-item__image\" data-thumbnail=\"https:\/\/prowohnen-ml.de\/wp-content\/uploads\/2024\/07\/1722355961915-768x576.jpg\" data-width=\"768\" data-height=\"576\" aria-label=\"\" role=\"img\" ><\/div>\n\t\t\t\t\t\t\t\t\t\t\t<div class=\"elementor-gallery-item__overlay\"><\/div>\n\t\t\t\t\t\t\t\t\t\t\t\t\t\t<\/a>\n\t\t\t\t\t\t\t<a class=\"e-gallery-item elementor-gallery-item elementor-animated-content\" href=\"https:\/\/prowohnen-ml.de\/wp-content\/uploads\/2024\/07\/1722355961913-scaled.jpg\" data-elementor-open-lightbox=\"yes\" data-elementor-lightbox-slideshow=\"e84d321\" data-elementor-lightbox-title=\"1722355961913\" data-e-action-hash=\"#elementor-action%3Aaction%3Dlightbox%26settings%3DeyJpZCI6MTQ5NywidXJsIjoiaHR0cHM6XC9cL3Byb3dvaG5lbi1tbC5kZVwvd3AtY29udGVudFwvdXBsb2Fkc1wvMjAyNFwvMDdcLzE3MjIzNTU5NjE5MTMtc2NhbGVkLmpwZyIsInNsaWRlc2hvdyI6ImU4NGQzMjEifQ%3D%3D\">\n\t\t\t\t\t<div class=\"e-gallery-image elementor-gallery-item__image\" data-thumbnail=\"https:\/\/prowohnen-ml.de\/wp-content\/uploads\/2024\/07\/1722355961913-768x576.jpg\" data-width=\"768\" data-height=\"576\" aria-label=\"\" role=\"img\" ><\/div>\n\t\t\t\t\t\t\t\t\t\t\t<div class=\"elementor-gallery-item__overlay\"><\/div>\n\t\t\t\t\t\t\t\t\t\t\t\t\t\t<\/a>\n\t\t\t\t\t\t\t<a class=\"e-gallery-item elementor-gallery-item elementor-animated-content\" href=\"https:\/\/prowohnen-ml.de\/wp-content\/uploads\/2024\/07\/1722355961909-scaled.jpg\" data-elementor-open-lightbox=\"yes\" data-elementor-lightbox-slideshow=\"e84d321\" data-elementor-lightbox-title=\"1722355961909\" data-e-action-hash=\"#elementor-action%3Aaction%3Dlightbox%26settings%3DeyJpZCI6MTQ5NiwidXJsIjoiaHR0cHM6XC9cL3Byb3dvaG5lbi1tbC5kZVwvd3AtY29udGVudFwvdXBsb2Fkc1wvMjAyNFwvMDdcLzE3MjIzNTU5NjE5MDktc2NhbGVkLmpwZyIsInNsaWRlc2hvdyI6ImU4NGQzMjEifQ%3D%3D\">\n\t\t\t\t\t<div class=\"e-gallery-image elementor-gallery-item__image\" data-thumbnail=\"https:\/\/prowohnen-ml.de\/wp-content\/uploads\/2024\/07\/1722355961909-768x576.jpg\" data-width=\"768\" data-height=\"576\" aria-label=\"\" role=\"img\" ><\/div>\n\t\t\t\t\t\t\t\t\t\t\t<div class=\"elementor-gallery-item__overlay\"><\/div>\n\t\t\t\t\t\t\t\t\t\t\t\t\t\t<\/a>\n\t\t\t\t\t\t\t<a class=\"e-gallery-item elementor-gallery-item elementor-animated-content\" href=\"https:\/\/prowohnen-ml.de\/wp-content\/uploads\/2024\/07\/1722355961906-scaled.jpg\" data-elementor-open-lightbox=\"yes\" data-elementor-lightbox-slideshow=\"e84d321\" data-elementor-lightbox-title=\"1722355961906\" data-e-action-hash=\"#elementor-action%3Aaction%3Dlightbox%26settings%3DeyJpZCI6MTQ5NSwidXJsIjoiaHR0cHM6XC9cL3Byb3dvaG5lbi1tbC5kZVwvd3AtY29udGVudFwvdXBsb2Fkc1wvMjAyNFwvMDdcLzE3MjIzNTU5NjE5MDYtc2NhbGVkLmpwZyIsInNsaWRlc2hvdyI6ImU4NGQzMjEifQ%3D%3D\">\n\t\t\t\t\t<div class=\"e-gallery-image elementor-gallery-item__image\" data-thumbnail=\"https:\/\/prowohnen-ml.de\/wp-content\/uploads\/2024\/07\/1722355961906-768x576.jpg\" data-width=\"768\" data-height=\"576\" aria-label=\"\" role=\"img\" ><\/div>\n\t\t\t\t\t\t\t\t\t\t\t<div class=\"elementor-gallery-item__overlay\"><\/div>\n\t\t\t\t\t\t\t\t\t\t\t\t\t\t<\/a>\n\t\t\t\t\t\t\t<a class=\"e-gallery-item elementor-gallery-item elementor-animated-content\" href=\"https:\/\/prowohnen-ml.de\/wp-content\/uploads\/2023\/02\/Faulbach-3D_10-Photo-scaled.jpg\" data-elementor-open-lightbox=\"yes\" data-elementor-lightbox-slideshow=\"e84d321\" data-elementor-lightbox-title=\"Faulbach-3D_10-Photo\" data-e-action-hash=\"#elementor-action%3Aaction%3Dlightbox%26settings%3DeyJpZCI6OTg3LCJ1cmwiOiJodHRwczpcL1wvcHJvd29obmVuLW1sLmRlXC93cC1jb250ZW50XC91cGxvYWRzXC8yMDIzXC8wMlwvRmF1bGJhY2gtM0RfMTAtUGhvdG8tc2NhbGVkLmpwZyIsInNsaWRlc2hvdyI6ImU4NGQzMjEifQ%3D%3D\">\n\t\t\t\t\t<div class=\"e-gallery-image elementor-gallery-item__image\" data-thumbnail=\"https:\/\/prowohnen-ml.de\/wp-content\/uploads\/2023\/02\/Faulbach-3D_10-Photo-768x432.jpg\" data-width=\"768\" data-height=\"432\" aria-label=\"\" role=\"img\" ><\/div>\n\t\t\t\t\t\t\t\t\t\t\t<div class=\"elementor-gallery-item__overlay\"><\/div>\n\t\t\t\t\t\t\t\t\t\t\t\t\t\t<\/a>\n\t\t\t\t\t\t\t<a class=\"e-gallery-item elementor-gallery-item elementor-animated-content\" href=\"https:\/\/prowohnen-ml.de\/wp-content\/uploads\/2023\/02\/Faulbach-3D_1-Photo-scaled.jpg\" data-elementor-open-lightbox=\"yes\" data-elementor-lightbox-slideshow=\"e84d321\" data-elementor-lightbox-title=\"Faulbach 3D_1 - Photo\" data-e-action-hash=\"#elementor-action%3Aaction%3Dlightbox%26settings%3DeyJpZCI6OTg4LCJ1cmwiOiJodHRwczpcL1wvcHJvd29obmVuLW1sLmRlXC93cC1jb250ZW50XC91cGxvYWRzXC8yMDIzXC8wMlwvRmF1bGJhY2gtM0RfMS1QaG90by1zY2FsZWQuanBnIiwic2xpZGVzaG93IjoiZTg0ZDMyMSJ9\">\n\t\t\t\t\t<div class=\"e-gallery-image elementor-gallery-item__image\" data-thumbnail=\"https:\/\/prowohnen-ml.de\/wp-content\/uploads\/2023\/02\/Faulbach-3D_1-Photo-768x432.jpg\" data-width=\"768\" data-height=\"432\" aria-label=\"\" role=\"img\" ><\/div>\n\t\t\t\t\t\t\t\t\t\t\t<div class=\"elementor-gallery-item__overlay\"><\/div>\n\t\t\t\t\t\t\t\t\t\t\t\t\t\t<\/a>\n\t\t\t\t\t\t\t<a class=\"e-gallery-item elementor-gallery-item elementor-animated-content\" href=\"https:\/\/prowohnen-ml.de\/wp-content\/uploads\/2023\/02\/Faulbach-3D_2-Photo-scaled.jpg\" data-elementor-open-lightbox=\"yes\" data-elementor-lightbox-slideshow=\"e84d321\" data-elementor-lightbox-title=\"Faulbach 3D_2 - Photo\" data-e-action-hash=\"#elementor-action%3Aaction%3Dlightbox%26settings%3DeyJpZCI6OTg5LCJ1cmwiOiJodHRwczpcL1wvcHJvd29obmVuLW1sLmRlXC93cC1jb250ZW50XC91cGxvYWRzXC8yMDIzXC8wMlwvRmF1bGJhY2gtM0RfMi1QaG90by1zY2FsZWQuanBnIiwic2xpZGVzaG93IjoiZTg0ZDMyMSJ9\">\n\t\t\t\t\t<div class=\"e-gallery-image elementor-gallery-item__image\" data-thumbnail=\"https:\/\/prowohnen-ml.de\/wp-content\/uploads\/2023\/02\/Faulbach-3D_2-Photo-768x432.jpg\" data-width=\"768\" data-height=\"432\" aria-label=\"\" role=\"img\" ><\/div>\n\t\t\t\t\t\t\t\t\t\t\t<div class=\"elementor-gallery-item__overlay\"><\/div>\n\t\t\t\t\t\t\t\t\t\t\t\t\t\t<\/a>\n\t\t\t\t\t\t\t<a class=\"e-gallery-item elementor-gallery-item elementor-animated-content\" href=\"https:\/\/prowohnen-ml.de\/wp-content\/uploads\/2023\/02\/Faulbach-3D_3-Photo-scaled.jpg\" data-elementor-open-lightbox=\"yes\" data-elementor-lightbox-slideshow=\"e84d321\" data-elementor-lightbox-title=\"Faulbach 3D_3 - Photo\" data-e-action-hash=\"#elementor-action%3Aaction%3Dlightbox%26settings%3DeyJpZCI6OTkwLCJ1cmwiOiJodHRwczpcL1wvcHJvd29obmVuLW1sLmRlXC93cC1jb250ZW50XC91cGxvYWRzXC8yMDIzXC8wMlwvRmF1bGJhY2gtM0RfMy1QaG90by1zY2FsZWQuanBnIiwic2xpZGVzaG93IjoiZTg0ZDMyMSJ9\">\n\t\t\t\t\t<div class=\"e-gallery-image elementor-gallery-item__image\" data-thumbnail=\"https:\/\/prowohnen-ml.de\/wp-content\/uploads\/2023\/02\/Faulbach-3D_3-Photo-768x432.jpg\" data-width=\"768\" data-height=\"432\" aria-label=\"\" role=\"img\" ><\/div>\n\t\t\t\t\t\t\t\t\t\t\t<div class=\"elementor-gallery-item__overlay\"><\/div>\n\t\t\t\t\t\t\t\t\t\t\t\t\t\t<\/a>\n\t\t\t\t\t\t\t<a class=\"e-gallery-item elementor-gallery-item elementor-animated-content\" href=\"https:\/\/prowohnen-ml.de\/wp-content\/uploads\/2023\/02\/Faulbach-3D_4-Photo-scaled.jpg\" data-elementor-open-lightbox=\"yes\" data-elementor-lightbox-slideshow=\"e84d321\" data-elementor-lightbox-title=\"Faulbach 3D_4 - Photo\" data-e-action-hash=\"#elementor-action%3Aaction%3Dlightbox%26settings%3DeyJpZCI6OTkxLCJ1cmwiOiJodHRwczpcL1wvcHJvd29obmVuLW1sLmRlXC93cC1jb250ZW50XC91cGxvYWRzXC8yMDIzXC8wMlwvRmF1bGJhY2gtM0RfNC1QaG90by1zY2FsZWQuanBnIiwic2xpZGVzaG93IjoiZTg0ZDMyMSJ9\">\n\t\t\t\t\t<div class=\"e-gallery-image elementor-gallery-item__image\" data-thumbnail=\"https:\/\/prowohnen-ml.de\/wp-content\/uploads\/2023\/02\/Faulbach-3D_4-Photo-768x432.jpg\" data-width=\"768\" data-height=\"432\" aria-label=\"\" role=\"img\" ><\/div>\n\t\t\t\t\t\t\t\t\t\t\t<div class=\"elementor-gallery-item__overlay\"><\/div>\n\t\t\t\t\t\t\t\t\t\t\t\t\t\t<\/a>\n\t\t\t\t\t\t\t<a class=\"e-gallery-item elementor-gallery-item elementor-animated-content\" href=\"https:\/\/prowohnen-ml.de\/wp-content\/uploads\/2023\/02\/Faulbach-3D_5-Photo-scaled.jpg\" data-elementor-open-lightbox=\"yes\" data-elementor-lightbox-slideshow=\"e84d321\" data-elementor-lightbox-title=\"Faulbach 3D_5 - Photo\" data-e-action-hash=\"#elementor-action%3Aaction%3Dlightbox%26settings%3DeyJpZCI6OTkyLCJ1cmwiOiJodHRwczpcL1wvcHJvd29obmVuLW1sLmRlXC93cC1jb250ZW50XC91cGxvYWRzXC8yMDIzXC8wMlwvRmF1bGJhY2gtM0RfNS1QaG90by1zY2FsZWQuanBnIiwic2xpZGVzaG93IjoiZTg0ZDMyMSJ9\">\n\t\t\t\t\t<div class=\"e-gallery-image elementor-gallery-item__image\" data-thumbnail=\"https:\/\/prowohnen-ml.de\/wp-content\/uploads\/2023\/02\/Faulbach-3D_5-Photo-768x432.jpg\" data-width=\"768\" data-height=\"432\" aria-label=\"\" role=\"img\" ><\/div>\n\t\t\t\t\t\t\t\t\t\t\t<div class=\"elementor-gallery-item__overlay\"><\/div>\n\t\t\t\t\t\t\t\t\t\t\t\t\t\t<\/a>\n\t\t\t\t\t\t\t<a class=\"e-gallery-item elementor-gallery-item elementor-animated-content\" href=\"https:\/\/prowohnen-ml.de\/wp-content\/uploads\/2023\/02\/Faulbach-3D_6-Photo-scaled.jpg\" data-elementor-open-lightbox=\"yes\" data-elementor-lightbox-slideshow=\"e84d321\" data-elementor-lightbox-title=\"Faulbach 3D_6 - Photo\" data-e-action-hash=\"#elementor-action%3Aaction%3Dlightbox%26settings%3DeyJpZCI6OTkzLCJ1cmwiOiJodHRwczpcL1wvcHJvd29obmVuLW1sLmRlXC93cC1jb250ZW50XC91cGxvYWRzXC8yMDIzXC8wMlwvRmF1bGJhY2gtM0RfNi1QaG90by1zY2FsZWQuanBnIiwic2xpZGVzaG93IjoiZTg0ZDMyMSJ9\">\n\t\t\t\t\t<div class=\"e-gallery-image elementor-gallery-item__image\" data-thumbnail=\"https:\/\/prowohnen-ml.de\/wp-content\/uploads\/2023\/02\/Faulbach-3D_6-Photo-768x432.jpg\" data-width=\"768\" data-height=\"432\" aria-label=\"\" role=\"img\" ><\/div>\n\t\t\t\t\t\t\t\t\t\t\t<div class=\"elementor-gallery-item__overlay\"><\/div>\n\t\t\t\t\t\t\t\t\t\t\t\t\t\t<\/a>\n\t\t\t\t\t\t\t<a class=\"e-gallery-item elementor-gallery-item elementor-animated-content\" href=\"https:\/\/prowohnen-ml.de\/wp-content\/uploads\/2023\/02\/Faulbach-3D_7-Photo-scaled.jpg\" data-elementor-open-lightbox=\"yes\" data-elementor-lightbox-slideshow=\"e84d321\" data-elementor-lightbox-title=\"Faulbach 3D_7 - Photo\" data-e-action-hash=\"#elementor-action%3Aaction%3Dlightbox%26settings%3DeyJpZCI6OTk0LCJ1cmwiOiJodHRwczpcL1wvcHJvd29obmVuLW1sLmRlXC93cC1jb250ZW50XC91cGxvYWRzXC8yMDIzXC8wMlwvRmF1bGJhY2gtM0RfNy1QaG90by1zY2FsZWQuanBnIiwic2xpZGVzaG93IjoiZTg0ZDMyMSJ9\">\n\t\t\t\t\t<div class=\"e-gallery-image elementor-gallery-item__image\" data-thumbnail=\"https:\/\/prowohnen-ml.de\/wp-content\/uploads\/2023\/02\/Faulbach-3D_7-Photo-768x432.jpg\" data-width=\"768\" data-height=\"432\" aria-label=\"\" role=\"img\" ><\/div>\n\t\t\t\t\t\t\t\t\t\t\t<div class=\"elementor-gallery-item__overlay\"><\/div>\n\t\t\t\t\t\t\t\t\t\t\t\t\t\t<\/a>\n\t\t\t\t\t\t\t<a class=\"e-gallery-item elementor-gallery-item elementor-animated-content\" href=\"https:\/\/prowohnen-ml.de\/wp-content\/uploads\/2023\/02\/Faulbach-3D_8-Photo-scaled.jpg\" data-elementor-open-lightbox=\"yes\" data-elementor-lightbox-slideshow=\"e84d321\" data-elementor-lightbox-title=\"Faulbach 3D_8 - Photo\" data-e-action-hash=\"#elementor-action%3Aaction%3Dlightbox%26settings%3DeyJpZCI6OTk1LCJ1cmwiOiJodHRwczpcL1wvcHJvd29obmVuLW1sLmRlXC93cC1jb250ZW50XC91cGxvYWRzXC8yMDIzXC8wMlwvRmF1bGJhY2gtM0RfOC1QaG90by1zY2FsZWQuanBnIiwic2xpZGVzaG93IjoiZTg0ZDMyMSJ9\">\n\t\t\t\t\t<div class=\"e-gallery-image elementor-gallery-item__image\" data-thumbnail=\"https:\/\/prowohnen-ml.de\/wp-content\/uploads\/2023\/02\/Faulbach-3D_8-Photo-768x432.jpg\" data-width=\"768\" data-height=\"432\" aria-label=\"\" role=\"img\" ><\/div>\n\t\t\t\t\t\t\t\t\t\t\t<div class=\"elementor-gallery-item__overlay\"><\/div>\n\t\t\t\t\t\t\t\t\t\t\t\t\t\t<\/a>\n\t\t\t\t\t\t\t<a class=\"e-gallery-item elementor-gallery-item elementor-animated-content\" href=\"https:\/\/prowohnen-ml.de\/wp-content\/uploads\/2023\/02\/Faulbach-3D_9-Photo-scaled.jpg\" data-elementor-open-lightbox=\"yes\" data-elementor-lightbox-slideshow=\"e84d321\" data-elementor-lightbox-title=\"Faulbach 3D_9 - Photo\" data-e-action-hash=\"#elementor-action%3Aaction%3Dlightbox%26settings%3DeyJpZCI6OTk2LCJ1cmwiOiJodHRwczpcL1wvcHJvd29obmVuLW1sLmRlXC93cC1jb250ZW50XC91cGxvYWRzXC8yMDIzXC8wMlwvRmF1bGJhY2gtM0RfOS1QaG90by1zY2FsZWQuanBnIiwic2xpZGVzaG93IjoiZTg0ZDMyMSJ9\">\n\t\t\t\t\t<div class=\"e-gallery-image elementor-gallery-item__image\" data-thumbnail=\"https:\/\/prowohnen-ml.de\/wp-content\/uploads\/2023\/02\/Faulbach-3D_9-Photo-768x432.jpg\" data-width=\"768\" data-height=\"432\" aria-label=\"\" role=\"img\" ><\/div>\n\t\t\t\t\t\t\t\t\t\t\t<div class=\"elementor-gallery-item__overlay\"><\/div>\n\t\t\t\t\t\t\t\t\t\t\t\t\t\t<\/a>\n\t\t\t\t\t<\/div>\n\t\t\t\t\t<\/div>\n\t\t\t\t<\/div>\n\t\t\t\t\t<\/div>\n\t\t<\/div>\n\t\t\t\t\t<\/div>\n\t\t<\/section>\n\t\t\t\t<section class=\"elementor-section elementor-top-section elementor-element elementor-element-f63e555 elementor-section-boxed elementor-section-height-default elementor-section-height-default\" data-id=\"f63e555\" data-element_type=\"section\" data-e-type=\"section\" id=\"Waldb\u00fcttelbrunn\">\n\t\t\t\t\t\t<div class=\"elementor-container elementor-column-gap-default\">\n\t\t\t\t\t<div class=\"elementor-column elementor-col-100 elementor-top-column elementor-element elementor-element-4ae790a\" data-id=\"4ae790a\" data-element_type=\"column\" data-e-type=\"column\">\n\t\t\t<div class=\"elementor-widget-wrap elementor-element-populated\">\n\t\t\t\t\t\t<div class=\"elementor-element elementor-element-ad4ee22 elementor-widget-divider--view-line elementor-widget elementor-widget-divider\" data-id=\"ad4ee22\" data-element_type=\"widget\" data-e-type=\"widget\" data-widget_type=\"divider.default\">\n\t\t\t\t<div class=\"elementor-widget-container\">\n\t\t\t\t\t\t\t<div class=\"elementor-divider\">\n\t\t\t<span class=\"elementor-divider-separator\">\n\t\t\t\t\t\t<\/span>\n\t\t<\/div>\n\t\t\t\t\t\t<\/div>\n\t\t\t\t<\/div>\n\t\t\t\t\t<\/div>\n\t\t<\/div>\n\t\t\t\t\t<\/div>\n\t\t<\/section>\n\t\t\t\t<section class=\"elementor-section elementor-top-section elementor-element elementor-element-c3d232d elementor-section-boxed elementor-section-height-default elementor-section-height-default\" data-id=\"c3d232d\" data-element_type=\"section\" data-e-type=\"section\">\n\t\t\t\t\t\t<div class=\"elementor-container elementor-column-gap-default\">\n\t\t\t\t\t<div class=\"elementor-column elementor-col-100 elementor-top-column elementor-element elementor-element-a281c11\" data-id=\"a281c11\" data-element_type=\"column\" data-e-type=\"column\">\n\t\t\t<div class=\"elementor-widget-wrap elementor-element-populated\">\n\t\t\t\t\t\t<div class=\"elementor-element elementor-element-3673caa elementor-widget elementor-widget-heading\" data-id=\"3673caa\" data-element_type=\"widget\" data-e-type=\"widget\" data-widget_type=\"heading.default\">\n\t\t\t\t<div class=\"elementor-widget-container\">\n\t\t\t\t\t<h2 class=\"elementor-heading-title elementor-size-default\">Neubau von 2 Dhh in Waldb\u00fcttelbrunn<\/h2>\t\t\t\t<\/div>\n\t\t\t\t<\/div>\n\t\t\t\t<div class=\"elementor-element elementor-element-38bb795 elementor-widget elementor-widget-image\" data-id=\"38bb795\" data-element_type=\"widget\" data-e-type=\"widget\" data-widget_type=\"image.default\">\n\t\t\t\t<div class=\"elementor-widget-container\">\n\t\t\t\t\t\t\t\t\t\t\t\t\t\t\t<img loading=\"lazy\" decoding=\"async\" width=\"1536\" height=\"930\" src=\"https:\/\/prowohnen-ml.de\/wp-content\/uploads\/2024\/06\/Waldbuettelbrunn-Dhh-hinten-1536x930.jpg\" class=\"attachment-1536x1536 size-1536x1536 wp-image-1400\" alt=\"\" srcset=\"https:\/\/prowohnen-ml.de\/wp-content\/uploads\/2024\/06\/Waldbuettelbrunn-Dhh-hinten-1536x930.jpg 1536w, https:\/\/prowohnen-ml.de\/wp-content\/uploads\/2024\/06\/Waldbuettelbrunn-Dhh-hinten-300x182.jpg 300w, https:\/\/prowohnen-ml.de\/wp-content\/uploads\/2024\/06\/Waldbuettelbrunn-Dhh-hinten-1024x620.jpg 1024w, https:\/\/prowohnen-ml.de\/wp-content\/uploads\/2024\/06\/Waldbuettelbrunn-Dhh-hinten-768x465.jpg 768w, https:\/\/prowohnen-ml.de\/wp-content\/uploads\/2024\/06\/Waldbuettelbrunn-Dhh-hinten-1320x799.jpg 1320w, https:\/\/prowohnen-ml.de\/wp-content\/uploads\/2024\/06\/Waldbuettelbrunn-Dhh-hinten.jpg 1566w\" sizes=\"(max-width: 1536px) 100vw, 1536px\" title=\"\">\t\t\t\t\t\t\t\t\t\t\t\t\t\t\t<\/div>\n\t\t\t\t<\/div>\n\t\t\t\t<div class=\"elementor-element elementor-element-fd76cde elementor-widget elementor-widget-heading\" data-id=\"fd76cde\" data-element_type=\"widget\" data-e-type=\"widget\" data-widget_type=\"heading.default\">\n\t\t\t\t<div class=\"elementor-widget-container\">\n\t\t\t\t\t<h2 class=\"elementor-heading-title elementor-size-default\">Informationen zum Projekt\n<\/h2>\t\t\t\t<\/div>\n\t\t\t\t<\/div>\n\t\t\t\t<div class=\"elementor-element elementor-element-14ba97a elementor-widget elementor-widget-text-editor\" data-id=\"14ba97a\" data-element_type=\"widget\" data-e-type=\"widget\" data-widget_type=\"text-editor.default\">\n\t\t\t\t<div class=\"elementor-widget-container\">\n\t\t\t\t\t\t\t\t\t<p class=\"x_MsoNormal\">Wir planen f\u00fcr Sie\u00a0 <strong>zusammen mit der Baufirma Konzepthaus<\/strong> den Neubau von <strong>2 Doppelhaush\u00e4lften<\/strong> in sch\u00f6ner Lage in einem gewachsenen Neubaugebiet in Waldb\u00fcttelbrunn in der N\u00e4he von W\u00fcrzburg. <br \/>Die beiden H\u00e4user entstehen in massiver schl\u00fcsselfertigen Bauweise. <br \/>Das sonnige, ebene Grundst\u00fcck wird nach WEG geteilt und mit zwei Doppelhaush\u00e4lften der L\u00e4nge nach bebaut.<\/p>\n<ul>\n<li class=\"x_MsoNormal\">Doppelhaush\u00e4lfte ohne Keller schl\u00fcsselfertig incl. Grundst\u00fcck ab 530.000,- \u20ac zzgl. Baunebenkosten<\/li>\n<\/ul>\n<p class=\"x_MsoNormal\">Gerne erstellen wir Ihnen eine Gesamtkostenaufstellung. <strong>Rufen Sie uns an, wir beraten sie gerne.<\/strong><\/p>\n<p class=\"x_MsoNormal\"><strong>Eine Doppelhaush\u00e4lfte ist bereits verkauft<\/strong><\/p>\t\t\t\t\t\t\t\t<\/div>\n\t\t\t\t<\/div>\n\t\t\t\t<div class=\"elementor-element elementor-element-4a71ad4 elementor-widget elementor-widget-gallery\" data-id=\"4a71ad4\" data-element_type=\"widget\" data-e-type=\"widget\" data-settings=\"{&quot;aspect_ratio&quot;:&quot;1:1&quot;,&quot;columns_mobile&quot;:2,&quot;lazyload&quot;:&quot;yes&quot;,&quot;gallery_layout&quot;:&quot;grid&quot;,&quot;columns&quot;:4,&quot;columns_tablet&quot;:2,&quot;gap&quot;:{&quot;unit&quot;:&quot;px&quot;,&quot;size&quot;:10,&quot;sizes&quot;:[]},&quot;gap_tablet&quot;:{&quot;unit&quot;:&quot;px&quot;,&quot;size&quot;:10,&quot;sizes&quot;:[]},&quot;gap_mobile&quot;:{&quot;unit&quot;:&quot;px&quot;,&quot;size&quot;:10,&quot;sizes&quot;:[]},&quot;link_to&quot;:&quot;file&quot;,&quot;overlay_background&quot;:&quot;yes&quot;,&quot;content_hover_animation&quot;:&quot;fade-in&quot;}\" data-widget_type=\"gallery.default\">\n\t\t\t\t<div class=\"elementor-widget-container\">\n\t\t\t\t\t\t\t<div class=\"elementor-gallery__container\">\n\t\t\t\t\t\t\t<a class=\"e-gallery-item elementor-gallery-item elementor-animated-content\" href=\"https:\/\/prowohnen-ml.de\/wp-content\/uploads\/2024\/06\/Waldbuettelbrunn-Dhh-vorne.jpg\" data-elementor-open-lightbox=\"yes\" data-elementor-lightbox-slideshow=\"4a71ad4\" data-elementor-lightbox-title=\"Waldb\u00fcttelbrunn Dhh vorne\" data-e-action-hash=\"#elementor-action%3Aaction%3Dlightbox%26settings%3DeyJpZCI6MTQwMSwidXJsIjoiaHR0cHM6XC9cL3Byb3dvaG5lbi1tbC5kZVwvd3AtY29udGVudFwvdXBsb2Fkc1wvMjAyNFwvMDZcL1dhbGRidWV0dGVsYnJ1bm4tRGhoLXZvcm5lLmpwZyIsInNsaWRlc2hvdyI6IjRhNzFhZDQifQ%3D%3D\">\n\t\t\t\t\t<div class=\"e-gallery-image elementor-gallery-item__image\" data-thumbnail=\"https:\/\/prowohnen-ml.de\/wp-content\/uploads\/2024\/06\/Waldbuettelbrunn-Dhh-vorne-768x465.jpg\" data-width=\"768\" data-height=\"465\" aria-label=\"\" role=\"img\" ><\/div>\n\t\t\t\t\t\t\t\t\t\t\t<div class=\"elementor-gallery-item__overlay\"><\/div>\n\t\t\t\t\t\t\t\t\t\t\t\t\t\t<\/a>\n\t\t\t\t\t\t\t<a class=\"e-gallery-item elementor-gallery-item elementor-animated-content\" href=\"https:\/\/prowohnen-ml.de\/wp-content\/uploads\/2024\/06\/Bauplatz-Waldbuettelbrunn.jpg\" data-elementor-open-lightbox=\"yes\" data-elementor-lightbox-slideshow=\"4a71ad4\" data-elementor-lightbox-title=\"Bauplatz Waldb\u00fcttelbrunn\" data-e-action-hash=\"#elementor-action%3Aaction%3Dlightbox%26settings%3DeyJpZCI6MTQwNSwidXJsIjoiaHR0cHM6XC9cL3Byb3dvaG5lbi1tbC5kZVwvd3AtY29udGVudFwvdXBsb2Fkc1wvMjAyNFwvMDZcL0JhdXBsYXR6LVdhbGRidWV0dGVsYnJ1bm4uanBnIiwic2xpZGVzaG93IjoiNGE3MWFkNCJ9\">\n\t\t\t\t\t<div class=\"e-gallery-image elementor-gallery-item__image\" data-thumbnail=\"https:\/\/prowohnen-ml.de\/wp-content\/uploads\/2024\/06\/Bauplatz-Waldbuettelbrunn-768x1024.jpg\" data-width=\"768\" data-height=\"1024\" aria-label=\"\" role=\"img\" ><\/div>\n\t\t\t\t\t\t\t\t\t\t\t<div class=\"elementor-gallery-item__overlay\"><\/div>\n\t\t\t\t\t\t\t\t\t\t\t\t\t\t<\/a>\n\t\t\t\t\t<\/div>\n\t\t\t\t\t<\/div>\n\t\t\t\t<\/div>\n\t\t\t\t\t<\/div>\n\t\t<\/div>\n\t\t\t\t\t<\/div>\n\t\t<\/section>\n\t\t\t\t<\/div>\n\t\t","protected":false},"excerpt":{"rendered":"<p>Aktuelle Angebote Haus in Obernburg mit Weitblick Wohnhaus Niedernberg Hotelanlage M\u00f6nchberg 6-Familienhaus Haibach Wohnquartier Eschau Neunfamilienhaus Obernau Eschau am M\u00fchlbach Faulbach Servicewohnen Waldb\u00fcttelbrunn Neubau DHH Bei Kleinnanzeigen betrachten Bei Immowelt betrachten Haus direkt in Obernburg mit Weitblick Informationen zum Projekt um Verkauf steht ein sch\u00f6nes Haus mit 3 Geschossen (Keller, EG und Dachgeschoss) mit viel [&hellip;]<\/p>\n","protected":false},"author":1,"featured_media":0,"parent":0,"menu_order":0,"comment_status":"closed","ping_status":"closed","template":"","meta":{"site-sidebar-layout":"no-sidebar","site-content-layout":"page-builder","ast-site-content-layout":"default","site-content-style":"default","site-sidebar-style":"default","ast-global-header-display":"","ast-banner-title-visibility":"","ast-main-header-display":"","ast-hfb-above-header-display":"","ast-hfb-below-header-display":"","ast-hfb-mobile-header-display":"","site-post-title":"disabled","ast-breadcrumbs-content":"","ast-featured-img":"disabled","footer-sml-layout":"","ast-disable-related-posts":"","theme-transparent-header-meta":"","adv-header-id-meta":"","stick-header-meta":"","header-above-stick-meta":"","header-main-stick-meta":"","header-below-stick-meta":"","astra-migrate-meta-layouts":"default","ast-page-background-enabled":"default","ast-page-background-meta":{"desktop":{"background-color":"var(--ast-global-color-4)","background-image":"","background-repeat":"repeat","background-position":"center center","background-size":"auto","background-attachment":"scroll","background-type":"","background-media":"","overlay-type":"","overlay-color":"","overlay-opacity":"","overlay-gradient":""},"tablet":{"background-color":"","background-image":"","background-repeat":"repeat","background-position":"center center","background-size":"auto","background-attachment":"scroll","background-type":"","background-media":"","overlay-type":"","overlay-color":"","overlay-opacity":"","overlay-gradient":""},"mobile":{"background-color":"","background-image":"","background-repeat":"repeat","background-position":"center center","background-size":"auto","background-attachment":"scroll","background-type":"","background-media":"","overlay-type":"","overlay-color":"","overlay-opacity":"","overlay-gradient":""}},"ast-content-background-meta":{"desktop":{"background-color":"var(--ast-global-color-5)","background-image":"","background-repeat":"repeat","background-position":"center center","background-size":"auto","background-attachment":"scroll","background-type":"","background-media":"","overlay-type":"","overlay-color":"","overlay-opacity":"","overlay-gradient":""},"tablet":{"background-color":"var(--ast-global-color-5)","background-image":"","background-repeat":"repeat","background-position":"center center","background-size":"auto","background-attachment":"scroll","background-type":"","background-media":"","overlay-type":"","overlay-color":"","overlay-opacity":"","overlay-gradient":""},"mobile":{"background-color":"var(--ast-global-color-5)","background-image":"","background-repeat":"repeat","background-position":"center center","background-size":"auto","background-attachment":"scroll","background-type":"","background-media":"","overlay-type":"","overlay-color":"","overlay-opacity":"","overlay-gradient":""}},"footnotes":""},"class_list":["post-199","page","type-page","status-publish","hentry"],"_links":{"self":[{"href":"https:\/\/prowohnen-ml.de\/index.php\/wp-json\/wp\/v2\/pages\/199","targetHints":{"allow":["GET"]}}],"collection":[{"href":"https:\/\/prowohnen-ml.de\/index.php\/wp-json\/wp\/v2\/pages"}],"about":[{"href":"https:\/\/prowohnen-ml.de\/index.php\/wp-json\/wp\/v2\/types\/page"}],"author":[{"embeddable":true,"href":"https:\/\/prowohnen-ml.de\/index.php\/wp-json\/wp\/v2\/users\/1"}],"replies":[{"embeddable":true,"href":"https:\/\/prowohnen-ml.de\/index.php\/wp-json\/wp\/v2\/comments?post=199"}],"version-history":[{"count":445,"href":"https:\/\/prowohnen-ml.de\/index.php\/wp-json\/wp\/v2\/pages\/199\/revisions"}],"predecessor-version":[{"id":2562,"href":"https:\/\/prowohnen-ml.de\/index.php\/wp-json\/wp\/v2\/pages\/199\/revisions\/2562"}],"wp:attachment":[{"href":"https:\/\/prowohnen-ml.de\/index.php\/wp-json\/wp\/v2\/media?parent=199"}],"curies":[{"name":"wp","href":"https:\/\/api.w.org\/{rel}","templated":true}]}}